{"id":128,"date":"2024-01-08T18:53:57","date_gmt":"2024-01-08T17:53:57","guid":{"rendered":"https:\/\/laquijadadellobo.com.mialias.net\/?page_id=128"},"modified":"2024-11-06T11:46:11","modified_gmt":"2024-11-06T10:46:11","slug":"actividades","status":"publish","type":"page","link":"https:\/\/laquijadadellobo.com\/en\/actividades\/","title":{"rendered":"Activities"},"content":{"rendered":"<p>[et_pb_section fb_built=\u00bb1&#8243; admin_label=\u00bbHeader\u00bb _builder_version=\u00bb4.21.0&#8243; _module_preset=\u00bbdefault\u00bb background_color=\u00bbgcid-e787f6e4-87be-4325-83ae-4380ef468485&#8243; custom_padding=\u00bb||0px||false|false\u00bb collapsed=\u00bbon\u00bb global_colors_info=\u00bb{%22gcid-e787f6e4-87be-4325-83ae-4380ef468485%22:%91%22background_color%22%93}\u00bb][et_pb_row _builder_version=\u00bb4.21.0&#8243; _module_preset=\u00bbdefault\u00bb max_width=\u00bb800px\u00bb global_colors_info=\u00bb{}\u00bb][et_pb_column type=\u00bb4_4&#8243; _builder_version=\u00bb4.21.0&#8243; _module_preset=\u00bbdefault\u00bb global_colors_info=\u00bb{}\u00bb][et_pb_text _builder_version=\u00bb4.24.3&#8243; _module_preset=\u00bb6578d8ce-fdd2-4834-b785-59d41c33771a\u00bb header_font=\u00bbPlayfair Display|600||on|||||\u00bb header_text_align=\u00bbcenter\u00bb header_text_color=\u00bb#0A3B33&#8243; header_font_size=\u00bb30px\u00bb header_5_font=\u00bbGeorgia|600|||||||\u00bb header_5_text_color=\u00bb#2a2a2a\u00bb header_5_font_size=\u00bb20px\u00bb header_5_line_height=\u00bb1.4em\u00bb custom_margin=\u00bb||0px||false|false\u00bb header_5_font_size_tablet=\u00bb16px\u00bb header_5_font_size_phone=\u00bb14px\u00bb header_5_font_size_last_edited=\u00bbon|phone\u00bb locked=\u00bboff\u00bb global_colors_info=\u00bb{}\u00bb]<\/p>\n<h1><span class=\"wixui-rich-text__text\">Alrededores de la Quijada del Lobo<\/span><\/h1>\n<p>[\/et_pb_text][et_pb_text _builder_version=\u00bb4.24.0&#8243; _module_preset=\u00bbfab75eca-7985-4b06-a195-97ce200208bf\u00bb text_font_size=\u00bb14px\u00bb text_line_height=\u00bb1.7em\u00bb header_5_font=\u00bbGeorgia|600|||||||\u00bb header_5_text_color=\u00bb#2a2a2a\u00bb header_5_font_size=\u00bb20px\u00bb header_5_line_height=\u00bb1.4em\u00bb custom_margin=\u00bb||0px||false|false\u00bb custom_padding=\u00bb||8px|||\u00bb header_5_font_size_tablet=\u00bb16px\u00bb header_5_font_size_phone=\u00bb14px\u00bb header_5_font_size_last_edited=\u00bbon|phone\u00bb locked=\u00bboff\u00bb global_colors_info=\u00bb{}\u00bb]<\/p>\n<p style=\"text-align: justify;\"><span>Nos consideramos unos privilegiados, no solo por encontrarnos rodeados de monta\u00f1as y el Valle de Los Molinos, tambi\u00e9n por nuestra magn\u00edfica situaci\u00f3n geogr\u00e1fica, que nos permite visitar en el d\u00eda aut\u00e9nticas maravillas de la naturaleza o arquitect\u00f3nicas. Tales como:<\/span><\/p>\n<p>[\/et_pb_text][et_pb_gallery gallery_ids=\u00bb2221,2219,2218,2215,2217,2216&#8243; fullwidth=\u00bbon\u00bb _builder_version=\u00bb4.25.2&#8243; _module_preset=\u00bbdefault\u00bb global_colors_info=\u00bb{}\u00bb][\/et_pb_gallery][et_pb_text _builder_version=\u00bb4.25.2&#8243; _module_preset=\u00bbdefault\u00bb global_colors_info=\u00bb{}\u00bb]<\/p>\n<p><strong><em>Fotografias cedidas por Juan Sevilla y Photomayenta.<\/em><\/strong><\/p>\n<p>[\/et_pb_text][\/et_pb_column][\/et_pb_row][\/et_pb_section][et_pb_section fb_built=\u00bb1&#8243; admin_label=\u00bbClasses\u00bb _builder_version=\u00bb4.21.0&#8243; _module_preset=\u00bbdefault\u00bb background_color=\u00bb#fcf9f6&#8243; custom_padding=\u00bb33px|||||\u00bb collapsed=\u00bbon\u00bb global_colors_info=\u00bb{}\u00bb][et_pb_row custom_padding_last_edited=\u00bbon|tablet\u00bb _builder_version=\u00bb4.21.0&#8243; _module_preset=\u00bbdefault\u00bb custom_padding_tablet=\u00bb||0px||false|false\u00bb custom_padding_phone=\u00bb||0px||false|false\u00bb locked=\u00bboff\u00bb global_colors_info=\u00bb{}\u00bb][et_pb_column type=\u00bb4_4&#8243; _builder_version=\u00bb4.21.0&#8243; _module_preset=\u00bbdefault\u00bb global_colors_info=\u00bb{}\u00bb][et_pb_text _builder_version=\u00bb4.24.3&#8243; _module_preset=\u00bbc456d36d-517c-490f-bf44-76e7b3b90058&#8243; header_5_font=\u00bbGeorgia|600|||||||\u00bb header_5_text_color=\u00bb#0A3B33&#8243; custom_margin=\u00bb||0px||false|false\u00bb global_colors_info=\u00bb{}\u00bb]<\/p>\n<h5><span style=\"color: #0a3b33;\">Llerena<\/span><\/h5>\n<p>[\/et_pb_text][et_pb_text _builder_version=\u00bb4.23.4&#8243; _module_preset=\u00bb759ac093-9b1f-4776-b9c7-bcaf24b831b8&#8243; text_line_height=\u00bb1.7em\u00bb header_5_font=\u00bbGeorgia|600|||||||\u00bb header_5_text_color=\u00bb#0A3B33&#8243; header_5_font_size=\u00bb20px\u00bb header_5_line_height=\u00bb1.4em\u00bb custom_margin=\u00bb||0px||false|false\u00bb header_5_font_size_tablet=\u00bb16px\u00bb header_5_font_size_phone=\u00bb14px\u00bb header_5_font_size_last_edited=\u00bbon|phone\u00bb global_colors_info=\u00bb{%22gcid-a2350b10-418b-42fb-a64f-595e76ef52f3%22:%91%22header_5_text_color%22%93}\u00bb]<\/p>\n<p class=\"font_8 wixui-rich-text__text\"><span class=\"wixui-rich-text__text\"><fontsninja-text id=\"fontsninja-text-155\" class=\"fontsninja-family-variant_georgia_400_italic\">A tan solo 8 km de nuestra casa tenemos esta ciudad monumental donde podr\u00e9is, a parte de pasear por sus calles y comer en sus bares, hacer las compras en sus numerosos supermercados.<\/fontsninja-text><\/span><\/p>\n<p class=\"font_8 wixui-rich-text__text\"><span class=\"wixui-rich-text__text\"><fontsninja-text id=\"fontsninja-text-158\" class=\"fontsninja-family-variant_georgia_400_italic\">Ciudad Conjunto Hist\u00f3rico Art\u00edstico desde 1966, oferta un rico y variado patrimonio. En arquitectura religiosa destaca la Iglesia de Nuestra Se\u00f1ora de la Granada, original e interesante conjunto de estilos art\u00edsticos (s.XIII \u2013 s.XVIII), resaltando en este conjunto su majestuosa torre y en su interior una pintura de Francisco de Zurbar\u00e1n; la Iglesia y convento de Santa Clara, con su magn\u00edfica colecci\u00f3n de pinturas al fresco del s. XVI y su interesante museo donde se puede admirar la talla de San Jer\u00f3nimo Penitente de Mart\u00ednez Monta\u00f1\u00e9s; la Iglesia de Santiago (s.XV) lugar de enterramiento de D. Alonso de C\u00e1rdenas, \u00faltimo Maestre de la Orden de Santiago; el convento de la Merced, iglesia jesuita y en nuestros d\u00edas Centro Cultural; dos edificaciones barrocas, Hospital e Iglesia de San Juan de Dios, actualmente biblioteca, declarada como una de las m\u00e1s singulares de Espa\u00f1a.<\/fontsninja-text><\/span><\/p>\n<p class=\"font_8 wixui-rich-text__text\"><span class=\"wixui-rich-text__text\"><fontsninja-text id=\"fontsninja-text-160\" class=\"fontsninja-family-variant_georgia_400_italic\">En arquitectura civil Llerena cuenta con varios palacios, el Palacio Prioral \u2013 Museo Ciudad de Llerena, del s. XV, con pinturas murales consideradas como un hito de la pintura mud\u00e9jar; el Palacio de los Zapata, el Palacio Maestral y la Casa Palacio de la Mesa Maestral, \u00e9stos tres del s. XVI con interesantes patios de estilos mud\u00e9jar; el Palacio Consistorial del s. XVIII y la Casa Palacio de Do\u00f1a Mariana, del s. XIX.<\/fontsninja-text><\/span><\/p>\n<p class=\"font_8 wixui-rich-text__text\"><span class=\"wixui-rich-text__text\"><fontsninja-text id=\"fontsninja-text-162\" class=\"fontsninja-family-variant_georgia_400_italic\">Al hablar de arquitectura militar, hay que resaltar el recinto amurallado del s. XIV, el cual conserva dos de sus cuatro puertas monumentales y numerosos lienzos, uno de ellos localizado en el Paseo Cieza de Le\u00f3n.<\/fontsninja-text><\/span><\/p>\n<p class=\"font_8 wixui-rich-text__text\"><span class=\"wixui-rich-text__text\"><fontsninja-text id=\"fontsninja-text-164\" class=\"fontsninja-family-variant_georgia_400_italic\">De su arquitectura popular destaca la Plaza de Espa\u00f1a, plaza porticada de estilo mud\u00e9jar, estilo art\u00edstico predominante en esta ciudad.<\/fontsninja-text><\/span><\/p>\n<p class=\"font_8 wixui-rich-text__text\"><span class=\"wixui-rich-text__text\"><fontsninja-text id=\"fontsninja-text-166\" class=\"fontsninja-family-variant_georgia_400_italic\">Llerena tiene una oferta cultural que se extiende durante todo el a\u00f1o pero hay que destacar eventos que conjugan gastronom\u00eda, tradici\u00f3n y patrimonio, tales como la Ruta del Rey Jay\u00f3n, una Traves\u00eda que tiene lugar el \u00faltimo domingo de abril y que se inicia en Fuente del Arco y finaliza en Llerena; la \u201cMatanza Tradicional Extreme\u00f1a y Feria del Embutido, declarada Fiesta de Inter\u00e9s Tur\u00edstico Regional, que se celebra en el mes de Marzo o el evento \u201cLlerena Monumento Gastron\u00f3mico\u201d, el primer fin de semana de julio donde adem\u00e1s de disfrutar de cenas en enclaves hist\u00f3ricos, se puede visitar un mercado medieval que se instala en la Plaza de Espa\u00f1a. Por \u00faltimo, destacar su feria que se desarrolla en septiembre.<\/fontsninja-text><\/span><\/p>\n<p>[\/et_pb_text][\/et_pb_column][\/et_pb_row][et_pb_row column_structure=\u00bb1_2,1_2&#8243; custom_padding_last_edited=\u00bbon|tablet\u00bb _builder_version=\u00bb4.21.0&#8243; _module_preset=\u00bbdefault\u00bb custom_padding=\u00bb4px||21px|||\u00bb custom_padding_tablet=\u00bb||0px||false|false\u00bb custom_padding_phone=\u00bb||0px||false|false\u00bb locked=\u00bboff\u00bb global_colors_info=\u00bb{}\u00bb][et_pb_column type=\u00bb1_2&#8243; _builder_version=\u00bb4.21.0&#8243; _module_preset=\u00bbdefault\u00bb global_colors_info=\u00bb{}\u00bb][et_pb_gallery gallery_ids=\u00bb1847,2497&#8243; fullwidth=\u00bbon\u00bb _builder_version=\u00bb4.25.2&#8243; _module_preset=\u00bbdefault\u00bb auto=\u00bbon\u00bb auto_speed=\u00bb5000&#8243; global_colors_info=\u00bb{}\u00bb][\/et_pb_gallery][et_pb_text _builder_version=\u00bb4.25.2&#8243; _module_preset=\u00bbc456d36d-517c-490f-bf44-76e7b3b90058&#8243; header_5_font=\u00bbGeorgia|600|||||||\u00bb header_5_text_color=\u00bb#0A3B33&#8243; custom_margin=\u00bb||0px||false|false\u00bb global_colors_info=\u00bb{%22gcid-a2350b10-418b-42fb-a64f-595e76ef52f3%22:%91%22header_5_text_color%22%93}\u00bb]<\/p>\n<h5><span style=\"font-weight: 400;\">\u00a0<\/span><b>Ermita Virgen del Ara y Mina la Jayona<\/b><\/h5>\n<p>[\/et_pb_text][et_pb_text _builder_version=\u00bb4.23.4&#8243; _module_preset=\u00bb759ac093-9b1f-4776-b9c7-bcaf24b831b8&#8243; text_line_height=\u00bb1.7em\u00bb header_5_font=\u00bbGeorgia|600|||||||\u00bb header_5_text_color=\u00bb#0A3B33&#8243; header_5_font_size=\u00bb20px\u00bb header_5_line_height=\u00bb1.4em\u00bb custom_margin=\u00bb||0px||false|false\u00bb header_5_font_size_tablet=\u00bb16px\u00bb header_5_font_size_phone=\u00bb14px\u00bb header_5_font_size_last_edited=\u00bbon|phone\u00bb global_colors_info=\u00bb{%22gcid-a2350b10-418b-42fb-a64f-595e76ef52f3%22:%91%22header_5_text_color%22%93}\u00bb]<\/p>\n<p><span class=\"wixui-rich-text__text\"><fontsninja-text id=\"fontsninja-text-171\" class=\"fontsninja-family-variant_georgia_400_italic\">En<\/fontsninja-text>\u00a0<fontsninja-text id=\"fontsninja-text-171\" class=\"fontsninja-family-variant_georgia_400_italic\">Fuente del Arco, considerada como la capilla sixtina extreme\u00f1a, se encuentra a tan solo 30 minutos de nuestra casa. Muy cerca, tambi\u00e9n en Fuente del Arco, os recomendamos visitar\u00a0<\/fontsninja-text><\/span><span class=\"wixui-rich-text__text\"><fontsninja-text id=\"fontsninja-text-175\" class=\"fontsninja-family-variant_georgia_700_italic\">Mina La Jayona<\/fontsninja-text><fontsninja-text id=\"fontsninja-text-174\" class=\"fontsninja-family-variant_georgia_400_italic\">, una antigua mina de hierro, de una belleza singular, la cual se puede visitar a p\u00ede debido a que su recorrido transcurre mayoritariamente al aire libre. Fue declarado monumento natural el 30 de Septiembre de 1997. A 30 minutos de nuestra casa.<\/fontsninja-text><\/span><\/p>\n<p>[\/et_pb_text][\/et_pb_column][et_pb_column type=\u00bb1_2&#8243; _builder_version=\u00bb4.21.0&#8243; _module_preset=\u00bbdefault\u00bb global_colors_info=\u00bb{}\u00bb][et_pb_image src=\u00bbhttps:\/\/laquijadadellobo.com\/wp-content\/uploads\/2024\/01\/3-Teatro-Romano-de-Regina.jpg\u00bb title_text=\u00bb3 &#8211; Teatro Romano de Regina\u00bb show_in_lightbox=\u00bbon\u00bb _builder_version=\u00bb4.25.2&#8243; _module_preset=\u00bbdefault\u00bb custom_margin=\u00bb||34px|||\u00bb global_colors_info=\u00bb{}\u00bb][\/et_pb_image][et_pb_text _builder_version=\u00bb4.23.4&#8243; _module_preset=\u00bbc456d36d-517c-490f-bf44-76e7b3b90058&#8243; header_5_font=\u00bbGeorgia|600|||||||\u00bb header_5_text_color=\u00bb#0A3B33&#8243; custom_margin=\u00bb||0px||false|false\u00bb global_colors_info=\u00bb{%22gcid-a2350b10-418b-42fb-a64f-595e76ef52f3%22:%91%22header_5_text_color%22%93}\u00bb]<\/p>\n<h5><span>Regina Turdulorum<\/span><\/h5>\n<p>[\/et_pb_text][et_pb_text _builder_version=\u00bb4.23.4&#8243; _module_preset=\u00bb759ac093-9b1f-4776-b9c7-bcaf24b831b8&#8243; text_line_height=\u00bb1.7em\u00bb header_5_font=\u00bbGeorgia|600|||||||\u00bb header_5_text_color=\u00bb#0A3B33&#8243; header_5_font_size=\u00bb20px\u00bb header_5_line_height=\u00bb1.4em\u00bb custom_margin=\u00bb||0px||false|false\u00bb header_5_font_size_tablet=\u00bb16px\u00bb header_5_font_size_phone=\u00bb14px\u00bb header_5_font_size_last_edited=\u00bbon|phone\u00bb global_colors_info=\u00bb{%22gcid-a2350b10-418b-42fb-a64f-595e76ef52f3%22:%91%22header_5_text_color%22%93}\u00bb]<\/p>\n<p><span>Conocida hoy como Casas de Reina, es un pueblo a tan solo 16km de nuestra casa. La antigua ciudad romana estuvo dedicada fundamentalmente a la agricultura y a la pesca. A parte de los elementos estructurales t\u00edpicos de una ciudad romana, cuenta con un magn\u00edfico Teatro Romano muy bien conservado<\/span>.<\/p>\n<p>[\/et_pb_text][\/et_pb_column][\/et_pb_row][et_pb_row column_structure=\u00bb1_2,1_2&#8243; custom_padding_last_edited=\u00bbon|tablet\u00bb _builder_version=\u00bb4.21.0&#8243; _module_preset=\u00bbdefault\u00bb custom_padding=\u00bb0px|||||\u00bb custom_padding_tablet=\u00bb||0px||false|false\u00bb custom_padding_phone=\u00bb||0px||false|false\u00bb locked=\u00bboff\u00bb global_colors_info=\u00bb{}\u00bb][et_pb_column type=\u00bb1_2&#8243; _builder_version=\u00bb4.21.0&#8243; _module_preset=\u00bbdefault\u00bb global_colors_info=\u00bb{}\u00bb][et_pb_image src=\u00bbhttps:\/\/laquijadadellobo.com\/wp-content\/uploads\/2024\/01\/3.-Berlanga.jpg\u00bb title_text=\u00bb3. Berlanga\u00bb show_in_lightbox=\u00bbon\u00bb _builder_version=\u00bb4.25.2&#8243; _module_preset=\u00bbdefault\u00bb global_colors_info=\u00bb{}\u00bb][\/et_pb_image][et_pb_text _builder_version=\u00bb4.23.4&#8243; _module_preset=\u00bbc456d36d-517c-490f-bf44-76e7b3b90058&#8243; header_5_font=\u00bbGeorgia|600|||||||\u00bb header_5_text_color=\u00bb#0A3B33&#8243; custom_margin=\u00bb||0px||false|false\u00bb global_colors_info=\u00bb{%22gcid-a2350b10-418b-42fb-a64f-595e76ef52f3%22:%91%22header_5_text_color%22%93}\u00bb]<\/p>\n<h5><span>Parque Reserva Natural de Las Quinientas<\/span><\/h5>\n<p>[\/et_pb_text][et_pb_text _builder_version=\u00bb4.23.4&#8243; _module_preset=\u00bb759ac093-9b1f-4776-b9c7-bcaf24b831b8&#8243; text_line_height=\u00bb1.7em\u00bb header_5_font=\u00bbGeorgia|600|||||||\u00bb header_5_text_color=\u00bb#0A3B33&#8243; header_5_font_size=\u00bb20px\u00bb header_5_line_height=\u00bb1.4em\u00bb custom_margin=\u00bb||0px||false|false\u00bb header_5_font_size_tablet=\u00bb16px\u00bb header_5_font_size_phone=\u00bb14px\u00bb header_5_font_size_last_edited=\u00bbon|phone\u00bb global_colors_info=\u00bb{%22gcid-a2350b10-418b-42fb-a64f-595e76ef52f3%22:%91%22header_5_text_color%22%93}\u00bb]<\/p>\n<p class=\"font_8 wixui-rich-text__text\"><span class=\"wixui-rich-text__text\"><fontsninja-text id=\"fontsninja-text-186\" class=\"fontsninja-family-variant_georgia_400_italic\">En<\/fontsninja-text>\u00a0<fontsninja-text id=\"fontsninja-text-186\" class=\"fontsninja-family-variant_georgia_400_italic\">Berlanga, zool\u00f3gico al aire libre gratuito donde los mayores y ni\u00f1os disfrutar\u00e1n viendo a los animales. Tambi\u00e9n hay parque infantil, actividades de aventura y un bar donde poder comer. A 25km de casa.<\/fontsninja-text><\/span><\/p>\n<p class=\"font_8 wixui-rich-text__text\">\n<p>[\/et_pb_text][\/et_pb_column][et_pb_column type=\u00bb1_2&#8243; _builder_version=\u00bb4.21.0&#8243; _module_preset=\u00bbdefault\u00bb global_colors_info=\u00bb{}\u00bb][et_pb_image src=\u00bbhttps:\/\/laquijadadellobo.com\/wp-content\/uploads\/2024\/01\/4.-Monasterio-de-Tentudia.jpg\u00bb title_text=\u00bb4. Monasterio de Tentudia\u00bb show_in_lightbox=\u00bbon\u00bb _builder_version=\u00bb4.25.2&#8243; _module_preset=\u00bbdefault\u00bb global_colors_info=\u00bb{}\u00bb][\/et_pb_image][et_pb_text _builder_version=\u00bb4.23.4&#8243; _module_preset=\u00bbc456d36d-517c-490f-bf44-76e7b3b90058&#8243; header_5_font=\u00bbGeorgia|600|||||||\u00bb header_5_text_color=\u00bb#0A3B33&#8243; custom_margin=\u00bb||0px||false|false\u00bb global_colors_info=\u00bb{%22gcid-a2350b10-418b-42fb-a64f-595e76ef52f3%22:%91%22header_5_text_color%22%93}\u00bb]<\/p>\n<h5><span>Monasterio de Tentudia<\/span><\/h5>\n<p>[\/et_pb_text][et_pb_text _builder_version=\u00bb4.24.3&#8243; _module_preset=\u00bb759ac093-9b1f-4776-b9c7-bcaf24b831b8&#8243; text_line_height=\u00bb1.7em\u00bb header_5_font=\u00bbGeorgia|600|||||||\u00bb header_5_text_color=\u00bb#0A3B33&#8243; header_5_font_size=\u00bb20px\u00bb header_5_line_height=\u00bb1.4em\u00bb custom_margin=\u00bb||0px||false|false\u00bb header_5_font_size_tablet=\u00bb16px\u00bb header_5_font_size_phone=\u00bb14px\u00bb header_5_font_size_last_edited=\u00bbon|phone\u00bb global_colors_info=\u00bb{%22gcid-a2350b10-418b-42fb-a64f-595e76ef52f3%22:%91%22header_5_text_color%22%93}\u00bb]<\/p>\n<p><fontsninja-text id=\"fontsninja-text-193\" class=\"fontsninja-family-variant_georgia_400_italic\">En<\/fontsninja-text><span class=\"wixui-rich-text__text\">\u00a0<\/span><fontsninja-text id=\"fontsninja-text-193\" class=\"fontsninja-family-variant_georgia_400_italic\">Calera de Le\u00f3n, se trata de una iglesia- fortaleza que se encuentra a una altura de 1104m. La tradici\u00f3n relata que en este lugar, en el reinado de\u00a0<\/fontsninja-text><span style=\"color: #0a3b33;\"><strong><fontsninja-text id=\"fontsninja-text-196\" class=\"fontsninja-family-variant_georgia_400_italic\">Fernando III el Santo<\/fontsninja-text><\/strong><\/span><fontsninja-text id=\"fontsninja-text-193\" class=\"fontsninja-family-variant_georgia_400_italic\">\u00a0(1217-1252), se produjo una batalla contra los musulmanes que, al ir ganando las tropas cristianas, a petici\u00f3n de su jefe, el maestre de la\u00a0<\/fontsninja-text><span style=\"color: #0a3b33;\"><strong><fontsninja-text id=\"fontsninja-text-197\" class=\"fontsninja-family-variant_georgia_400_italic\">orden de Santiago<\/fontsninja-text><\/strong><\/span><fontsninja-text id=\"fontsninja-text-193\" class=\"fontsninja-family-variant_georgia_400_italic\">\u00a0Pelay P\u00e9rez de Correa, implor\u00f3 la ayuda de la Virgen con la invocaci\u00f3n: \u201d\u00a1Santa Mar\u00eda, det\u00e9n tu d\u00eda!\u201d. Al detenerse el sol milagrosamente, las tropas cristianas pudieron alcanzar la victoria y acabar con su enemigo. De aqu\u00ed la denominaci\u00f3n del santuario: \u201cDetente d\u00eda\u201d, que contra\u00edda ha quedado en \u201cTentud\u00eda\u201d. En agradecimiento por la intercesi\u00f3n de la Virgen se construy\u00f3 el eremitorio de santa Mar\u00eda de Tud\u00eda. A 45km de nuestra casa.<\/fontsninja-text><\/p>\n<p>[\/et_pb_text][\/et_pb_column][\/et_pb_row][et_pb_row column_structure=\u00bb1_2,1_2&#8243; custom_padding_last_edited=\u00bbon|tablet\u00bb _builder_version=\u00bb4.21.0&#8243; _module_preset=\u00bbdefault\u00bb custom_padding=\u00bb0px||28px|||\u00bb custom_padding_tablet=\u00bb||0px||false|false\u00bb custom_padding_phone=\u00bb||0px||false|false\u00bb locked=\u00bboff\u00bb global_colors_info=\u00bb{}\u00bb][et_pb_column type=\u00bb1_2&#8243; _builder_version=\u00bb4.21.0&#8243; _module_preset=\u00bbdefault\u00bb global_colors_info=\u00bb{}\u00bb][et_pb_image src=\u00bbhttps:\/\/laquijadadellobo.com\/wp-content\/uploads\/2024\/01\/4.-Cascada-el-Martinete.jpg\u00bb alt=\u00bbcascada el martinete\u00bb title_text=\u00bb4. Cascada el Martinete\u00bb show_in_lightbox=\u00bbon\u00bb _builder_version=\u00bb4.25.2&#8243; _module_preset=\u00bbdefault\u00bb global_colors_info=\u00bb{}\u00bb][\/et_pb_image][et_pb_text _builder_version=\u00bb4.23.4&#8243; _module_preset=\u00bbc456d36d-517c-490f-bf44-76e7b3b90058&#8243; header_5_font=\u00bbGeorgia|600|||||||\u00bb header_5_text_color=\u00bb#0A3B33&#8243; custom_margin=\u00bb||0px||false|false\u00bb global_colors_info=\u00bb{%22gcid-a2350b10-418b-42fb-a64f-595e76ef52f3%22:%91%22header_5_text_color%22%93}\u00bb]<\/p>\n<h5><span>Cascada El Martinete<\/span><\/h5>\n<p>[\/et_pb_text][et_pb_text _builder_version=\u00bb4.24.0&#8243; _module_preset=\u00bb759ac093-9b1f-4776-b9c7-bcaf24b831b8&#8243; text_line_height=\u00bb1.7em\u00bb header_5_font=\u00bbGeorgia|600|||||||\u00bb header_5_text_color=\u00bb#0A3B33&#8243; header_5_font_size=\u00bb20px\u00bb header_5_line_height=\u00bb1.4em\u00bb custom_margin=\u00bb||0px||false|false\u00bb header_5_font_size_tablet=\u00bb16px\u00bb header_5_font_size_phone=\u00bb14px\u00bb header_5_font_size_last_edited=\u00bbon|phone\u00bb global_colors_info=\u00bb{%22gcid-a2350b10-418b-42fb-a64f-595e76ef52f3%22:%91%22header_5_text_color%22%93}\u00bb]<\/p>\n<p class=\"font_8 wixui-rich-text__text\"><span>En San Nicol\u00e1s del Puerto, espectacular ruta por las cascadas del r\u00edo Hu\u00e9znar, zona con merenderos y barbacoa, perfecta para darse un ba\u00f1o fresquito. En el pueblo de San Nicol\u00e1s del Puerto tambi\u00e9n abren una piscina natural. Comunicada con el Cerro del Hierro por la V\u00eda Verde de la Sierra Norte, de 18km distancia. A 50km de nuestra casa.<\/span><\/p>\n<p>[\/et_pb_text][\/et_pb_column][et_pb_column type=\u00bb1_2&#8243; _builder_version=\u00bb4.21.0&#8243; _module_preset=\u00bbdefault\u00bb global_colors_info=\u00bb{}\u00bb][et_pb_image src=\u00bbhttps:\/\/laquijadadellobo.com\/wp-content\/uploads\/2024\/01\/5.-Cerro-del-Hierro.jpg\u00bb title_text=\u00bb5. Cerro del Hierro\u00bb show_in_lightbox=\u00bbon\u00bb _builder_version=\u00bb4.25.2&#8243; _module_preset=\u00bbdefault\u00bb custom_margin=\u00bb||32px|||\u00bb global_colors_info=\u00bb{}\u00bb][\/et_pb_image][et_pb_text _builder_version=\u00bb4.23.4&#8243; _module_preset=\u00bbc456d36d-517c-490f-bf44-76e7b3b90058&#8243; header_5_font=\u00bbGeorgia|600|||||||\u00bb header_5_text_color=\u00bb#0A3B33&#8243; custom_margin=\u00bb||0px||false|false\u00bb global_colors_info=\u00bb{%22gcid-a2350b10-418b-42fb-a64f-595e76ef52f3%22:%91%22header_5_text_color%22%93}\u00bb]<\/p>\n<h5><span>Cerro del Hierro<\/span><\/h5>\n<p>[\/et_pb_text][et_pb_text _builder_version=\u00bb4.23.4&#8243; _module_preset=\u00bb759ac093-9b1f-4776-b9c7-bcaf24b831b8&#8243; text_line_height=\u00bb1.7em\u00bb header_5_font=\u00bbGeorgia|600|||||||\u00bb header_5_text_color=\u00bb#0A3B33&#8243; header_5_font_size=\u00bb20px\u00bb header_5_line_height=\u00bb1.4em\u00bb custom_margin=\u00bb||0px||false|false\u00bb header_5_font_size_tablet=\u00bb16px\u00bb header_5_font_size_phone=\u00bb14px\u00bb header_5_font_size_last_edited=\u00bbon|phone\u00bb global_colors_info=\u00bb{%22gcid-a2350b10-418b-42fb-a64f-595e76ef52f3%22:%91%22header_5_text_color%22%93}\u00bb]<\/p>\n<p><span>En Constantina, el monumento natural Cerro del Hierro se encuentra a 60km de distancia de nuestra casa. Se trata de un paleokarst de gran belleza e inter\u00e9s cient\u00edfico y did\u00e1ctico, a parte de ser un para\u00edso para los amantes de la escalada. Hay una V\u00eda Verde que se puede recorrer a p\u00ede o en bicicleta y que la comunica con la Cascada del Martinete.<\/span><\/p>\n<p>[\/et_pb_text][\/et_pb_column][\/et_pb_row][et_pb_row column_structure=\u00bb1_2,1_2&#8243; custom_padding_last_edited=\u00bbon|tablet\u00bb _builder_version=\u00bb4.24.0&#8243; _module_preset=\u00bbdefault\u00bb min_height=\u00bb576.9px\u00bb custom_padding=\u00bb1px||0px|||\u00bb custom_padding_tablet=\u00bb||0px||false|false\u00bb custom_padding_phone=\u00bb||0px||false|false\u00bb locked=\u00bboff\u00bb global_colors_info=\u00bb{}\u00bb][et_pb_column type=\u00bb1_2&#8243; _builder_version=\u00bb4.21.0&#8243; _module_preset=\u00bbdefault\u00bb global_colors_info=\u00bb{}\u00bb][et_pb_image src=\u00bbhttps:\/\/laquijadadellobo.com\/wp-content\/uploads\/2024\/01\/87286e_06bd9eddbba443318f12e72d4000d469mv2.png\u00bb title_text=\u00bb87286e_06bd9eddbba443318f12e72d4000d469~mv2&#8243; show_in_lightbox=\u00bbon\u00bb _builder_version=\u00bb4.25.2&#8243; _module_preset=\u00bbdefault\u00bb global_colors_info=\u00bb{}\u00bb][\/et_pb_image][et_pb_text _builder_version=\u00bb4.24.3&#8243; _module_preset=\u00bbc456d36d-517c-490f-bf44-76e7b3b90058&#8243; header_5_font=\u00bbGeorgia|600|||||||\u00bb header_5_text_color=\u00bb#0A3B33&#8243; custom_margin=\u00bb||0px||false|false\u00bb global_colors_info=\u00bb{%22gcid-a2350b10-418b-42fb-a64f-595e76ef52f3%22:%91%22header_5_text_color%22%93}\u00bb]<\/p>\n<h5><span>Teatro Romano de M\u00e9rida<\/span><\/h5>\n<p>[\/et_pb_text][et_pb_text _builder_version=\u00bb4.23.4&#8243; _module_preset=\u00bb759ac093-9b1f-4776-b9c7-bcaf24b831b8&#8243; text_line_height=\u00bb1.7em\u00bb header_5_font=\u00bbGeorgia|600|||||||\u00bb header_5_text_color=\u00bb#0A3B33&#8243; header_5_font_size=\u00bb20px\u00bb header_5_line_height=\u00bb1.4em\u00bb custom_margin=\u00bb||0px||false|false\u00bb header_5_font_size_tablet=\u00bb16px\u00bb header_5_font_size_phone=\u00bb14px\u00bb header_5_font_size_last_edited=\u00bbon|phone\u00bb global_colors_info=\u00bb{%22gcid-a2350b10-418b-42fb-a64f-595e76ef52f3%22:%91%22header_5_text_color%22%93}\u00bb]<\/p>\n<p class=\"font_8 wixui-rich-text__text\"><span>Espectacularmente conservado, cuya construcci\u00f3n fue promovida por el consulado Vipsanius Agrippa en la antigua ciudad romana Em\u00e9rita Augusta, capital de Lusitania ( actualmente M\u00e9rida ). Fue construido durante los a\u00f1os 16 al 15 a.C. Fue declarado Patrimonio de la Humanidad en 1993, adem\u00e1s de ser elegido como uno de los 12 tesoros de Espa\u00f1a. A poco m\u00e1s de una hora de nuestra casa.<\/span><\/p>\n<p>[\/et_pb_text][\/et_pb_column][et_pb_column type=\u00bb1_2&#8243; _builder_version=\u00bb4.21.0&#8243; _module_preset=\u00bbdefault\u00bb global_colors_info=\u00bb{}\u00bb][et_pb_image src=\u00bbhttps:\/\/laquijadadellobo.com\/wp-content\/uploads\/2024\/01\/87286e_3dc7a58dbdc74f40baa8a3b478543118mv2.png\u00bb title_text=\u00bbjerez-de-los-caballeros\u00bb show_in_lightbox=\u00bbon\u00bb _builder_version=\u00bb4.25.2&#8243; _module_preset=\u00bbdefault\u00bb global_colors_info=\u00bb{}\u00bb][\/et_pb_image][et_pb_text _builder_version=\u00bb4.23.4&#8243; _module_preset=\u00bbc456d36d-517c-490f-bf44-76e7b3b90058&#8243; header_5_font=\u00bbGeorgia|600|||||||\u00bb header_5_text_color=\u00bb#0A3B33&#8243; custom_margin=\u00bb||0px||false|false\u00bb global_colors_info=\u00bb{%22gcid-a2350b10-418b-42fb-a64f-595e76ef52f3%22:%91%22header_5_text_color%22%93}\u00bb]<\/p>\n<h5><span>Jerez de los Caballeros<\/span><\/h5>\n<p>[\/et_pb_text][et_pb_text _builder_version=\u00bb4.23.4&#8243; _module_preset=\u00bb759ac093-9b1f-4776-b9c7-bcaf24b831b8&#8243; text_line_height=\u00bb1.7em\u00bb header_5_font=\u00bbGeorgia|600|||||||\u00bb header_5_text_color=\u00bb#0A3B33&#8243; header_5_font_size=\u00bb20px\u00bb header_5_line_height=\u00bb1.4em\u00bb custom_margin=\u00bb||0px||false|false\u00bb header_5_font_size_tablet=\u00bb16px\u00bb header_5_font_size_phone=\u00bb14px\u00bb header_5_font_size_last_edited=\u00bbon|phone\u00bb global_colors_info=\u00bb{%22gcid-a2350b10-418b-42fb-a64f-595e76ef52f3%22:%91%22header_5_text_color%22%93}\u00bb]<\/p>\n<p><span>Ciudad de los Templarios, situada a 89 km de nuestra casa.<\/span><\/p>\n<p>[\/et_pb_text][\/et_pb_column][\/et_pb_row][et_pb_row column_structure=\u00bb1_2,1_2&#8243; _builder_version=\u00bb4.23.4&#8243; _module_preset=\u00bbdefault\u00bb custom_padding=\u00bb0px||21px|||\u00bb global_colors_info=\u00bb{}\u00bb][et_pb_column type=\u00bb1_2&#8243; _builder_version=\u00bb4.23.4&#8243; _module_preset=\u00bbdefault\u00bb global_colors_info=\u00bb{}\u00bb][et_pb_image src=\u00bbhttps:\/\/laquijadadellobo.com\/wp-content\/uploads\/2024\/01\/Cordoba.jpg\u00bb alt=\u00bbPuente romano de C\u00f3rdoba\u00bb title_text=\u00bbc\u00f3rdoba\u00bb show_in_lightbox=\u00bbon\u00bb _builder_version=\u00bb4.25.2&#8243; _module_preset=\u00bbdefault\u00bb custom_margin=\u00bb||17px|||\u00bb global_colors_info=\u00bb{}\u00bb][\/et_pb_image][et_pb_text _builder_version=\u00bb4.24.3&#8243; _module_preset=\u00bbc456d36d-517c-490f-bf44-76e7b3b90058&#8243; header_5_font=\u00bbGeorgia|600|||||||\u00bb header_5_text_color=\u00bb#0A3B33&#8243; custom_margin=\u00bb||0px||false|false\u00bb global_colors_info=\u00bb{%22gcid-a2350b10-418b-42fb-a64f-595e76ef52f3%22:%91%22header_5_text_color%22%93}\u00bb]<\/p>\n<h5><span>C\u00f3rdoba<\/span><\/h5>\n<p>[\/et_pb_text][et_pb_text _builder_version=\u00bb4.24.3&#8243; _module_preset=\u00bb759ac093-9b1f-4776-b9c7-bcaf24b831b8&#8243; text_line_height=\u00bb1.7em\u00bb header_5_font=\u00bbGeorgia|600|||||||\u00bb header_5_text_color=\u00bb#0A3B33&#8243; header_5_font_size=\u00bb20px\u00bb header_5_line_height=\u00bb1.4em\u00bb custom_margin=\u00bb||0px||false|false\u00bb header_5_font_size_tablet=\u00bb16px\u00bb header_5_font_size_phone=\u00bb14px\u00bb header_5_font_size_last_edited=\u00bbon|phone\u00bb global_colors_info=\u00bb{%22gcid-a2350b10-418b-42fb-a64f-595e76ef52f3%22:%91%22header_5_text_color%22%93}\u00bb]<\/p>\n<p class=\"font_8 wixui-rich-text__text\"><span style=\"color: #000000;\"><span style=\"color: #0a3b33;\"><em><strong>C\u00f3rdoba<\/strong><\/em><\/span>,<span style=\"color: #666666;\"> fue una importante ciudad romana y uno de los principales centros isl\u00e1micos de la Edad Media. Es conocida, entre otras cosas, por la enorme Mezquita que data del a\u00f1o 784 d. C. Se encuentra a 158km de distancia de nuestra casa.<\/span><\/span><\/p>\n<p>[\/et_pb_text][\/et_pb_column][et_pb_column type=\u00bb1_2&#8243; _builder_version=\u00bb4.23.4&#8243; _module_preset=\u00bbdefault\u00bb global_colors_info=\u00bb{}\u00bb][et_pb_image src=\u00bbhttps:\/\/laquijadadellobo.com\/wp-content\/uploads\/2024\/01\/Trujillo.jpg\u00bb alt=\u00bbPlaza mayor de Trujillo\u00bb title_text=\u00bbplaza-mayor-trujillo\u00bb show_in_lightbox=\u00bbon\u00bb _builder_version=\u00bb4.25.2&#8243; _module_preset=\u00bbdefault\u00bb custom_margin=\u00bb||22px|||\u00bb global_colors_info=\u00bb{}\u00bb][\/et_pb_image][et_pb_text _builder_version=\u00bb4.24.3&#8243; _module_preset=\u00bbc456d36d-517c-490f-bf44-76e7b3b90058&#8243; header_5_font=\u00bbGeorgia|600|||||||\u00bb header_5_text_color=\u00bb#0A3B33&#8243; custom_margin=\u00bb||0px||false|false\u00bb global_colors_info=\u00bb{%22gcid-a2350b10-418b-42fb-a64f-595e76ef52f3%22:%91%22header_5_text_color%22%93}\u00bb]<\/p>\n<h5><span>Trujillo<\/span><\/h5>\n<p>[\/et_pb_text][et_pb_text _builder_version=\u00bb4.24.3&#8243; _module_preset=\u00bb759ac093-9b1f-4776-b9c7-bcaf24b831b8&#8243; text_line_height=\u00bb1.7em\u00bb header_5_font=\u00bbGeorgia|600|||||||\u00bb header_5_text_color=\u00bb#0A3B33&#8243; header_5_font_size=\u00bb20px\u00bb header_5_line_height=\u00bb1.4em\u00bb custom_margin=\u00bb||0px||false|false\u00bb header_5_font_size_tablet=\u00bb16px\u00bb header_5_font_size_phone=\u00bb14px\u00bb header_5_font_size_last_edited=\u00bbon|phone\u00bb global_colors_info=\u00bb{%22gcid-a2350b10-418b-42fb-a64f-595e76ef52f3%22:%91%22header_5_text_color%22%93}\u00bb]<\/p>\n<p class=\"font_8 wixui-rich-text__text\"><span><span style=\"color: #0a3b33;\"><em><strong>Trujillo<\/strong><\/em><\/span>, considerado como uno de los pueblos m\u00e1s bonitos de Espa\u00f1a. A una hora y 50 minutos de nuestra casa.<\/span><\/p>\n<p>[\/et_pb_text][\/et_pb_column][\/et_pb_row][et_pb_row column_structure=\u00bb1_2,1_2&#8243; _builder_version=\u00bb4.23.4&#8243; _module_preset=\u00bbdefault\u00bb custom_padding=\u00bb0px||0px|||\u00bb global_colors_info=\u00bb{}\u00bb][et_pb_column type=\u00bb1_2&#8243; _builder_version=\u00bb4.23.4&#8243; _module_preset=\u00bbdefault\u00bb global_colors_info=\u00bb{}\u00bb][et_pb_image src=\u00bbhttps:\/\/laquijadadellobo.com\/wp-content\/uploads\/2024\/01\/Caceres.jpg\u00bb alt=\u00bbCatedral de C\u00e1ceres\u00bb title_text=\u00bbc\u00e1ceres\u00bb show_in_lightbox=\u00bbon\u00bb _builder_version=\u00bb4.25.2&#8243; _module_preset=\u00bbdefault\u00bb custom_margin=\u00bb||18px|||\u00bb global_colors_info=\u00bb{}\u00bb][\/et_pb_image][et_pb_text _builder_version=\u00bb4.24.3&#8243; _module_preset=\u00bbc456d36d-517c-490f-bf44-76e7b3b90058&#8243; header_5_font=\u00bbGeorgia|600|||||||\u00bb header_5_text_color=\u00bb#0A3B33&#8243; custom_margin=\u00bb||0px||false|false\u00bb global_colors_info=\u00bb{%22gcid-a2350b10-418b-42fb-a64f-595e76ef52f3%22:%91%22header_5_text_color%22%93}\u00bb]<\/p>\n<h5><span>C\u00e1ceres<\/span><\/h5>\n<p>[\/et_pb_text][et_pb_text _builder_version=\u00bb4.24.3&#8243; _module_preset=\u00bb759ac093-9b1f-4776-b9c7-bcaf24b831b8&#8243; text_line_height=\u00bb1.7em\u00bb header_5_font=\u00bbGeorgia|600|||||||\u00bb header_5_text_color=\u00bb#0A3B33&#8243; header_5_font_size=\u00bb20px\u00bb header_5_line_height=\u00bb1.4em\u00bb custom_margin=\u00bb||0px||false|false\u00bb header_5_font_size_tablet=\u00bb16px\u00bb header_5_font_size_phone=\u00bb14px\u00bb header_5_font_size_last_edited=\u00bbon|phone\u00bb global_colors_info=\u00bb{%22gcid-a2350b10-418b-42fb-a64f-595e76ef52f3%22:%91%22header_5_text_color%22%93}\u00bb]<\/p>\n<p class=\"font_8 wixui-rich-text__text\"><span class=\"wixui-rich-text__text\" style=\"color: #000000;\"><span style=\"color: #0a3b33;\"><em><strong>C\u00e1ceres<\/strong><\/em><\/span>, <span style=\"color: #666666;\">declarada Ciudad patrimonio de la Humanidad. A una hora y 50 minutos de nuestra casa.<\/span><\/span><\/p>\n<p>[\/et_pb_text][\/et_pb_column][et_pb_column type=\u00bb1_2&#8243; _builder_version=\u00bb4.23.4&#8243; _module_preset=\u00bbdefault\u00bb global_colors_info=\u00bb{}\u00bb][et_pb_image src=\u00bbhttps:\/\/laquijadadellobo.com\/wp-content\/uploads\/2024\/01\/Sevilla.jpg\u00bb alt=\u00bbPlaza de Espa\u00f1a de Sevilla\u00bb title_text=\u00bbplaza-espa\u00f1a-sevilla\u00bb show_in_lightbox=\u00bbon\u00bb _builder_version=\u00bb4.25.2&#8243; _module_preset=\u00bbdefault\u00bb custom_margin=\u00bb||23px|||\u00bb global_colors_info=\u00bb{}\u00bb][\/et_pb_image][et_pb_text _builder_version=\u00bb4.24.3&#8243; _module_preset=\u00bbc456d36d-517c-490f-bf44-76e7b3b90058&#8243; header_5_font=\u00bbGeorgia|600|||||||\u00bb header_5_text_color=\u00bb#0A3B33&#8243; custom_margin=\u00bb||0px||false|false\u00bb global_colors_info=\u00bb{%22gcid-a2350b10-418b-42fb-a64f-595e76ef52f3%22:%91%22header_5_text_color%22%93}\u00bb]<\/p>\n<h5><span>Sevilla<\/span><\/h5>\n<p>[\/et_pb_text][et_pb_text _builder_version=\u00bb4.24.3&#8243; _module_preset=\u00bbdefault\u00bb header_5_font=\u00bbGeorgia|600|||||||\u00bb header_5_text_color=\u00bb#0A3B33&#8243; header_5_font_size=\u00bb20px\u00bb header_5_line_height=\u00bb1.4em\u00bb custom_margin=\u00bb||0px||false|false\u00bb header_5_font_size_tablet=\u00bb16px\u00bb header_5_font_size_phone=\u00bb14px\u00bb header_5_font_size_last_edited=\u00bbon|phone\u00bb global_colors_info=\u00bb{%22gcid-a2350b10-418b-42fb-a64f-595e76ef52f3%22:%91%22header_5_text_color%22%93}\u00bb]<\/p>\n<p><span style=\"color: #000000;\"><span style=\"color: #0a3b33;\"><em><strong>Sevilla<\/strong><\/em><\/span>,<span style=\"color: #666666;\"> ciudad monumental donde las haya, con su afamada Plaza de Espa\u00f1a, catedral, Giralda, Torre del Oro&#8230; A tan solo hora y cuarto de casa.<\/span><\/span><\/p>\n<p>[\/et_pb_text][\/et_pb_column][\/et_pb_row][\/et_pb_section][et_pb_section fb_built=\u00bb1&#8243; _builder_version=\u00bb4.24.0&#8243; _module_preset=\u00bbdefault\u00bb custom_padding=\u00bb41px||0px|||\u00bb global_colors_info=\u00bb{}\u00bb][et_pb_row _builder_version=\u00bb4.23.4&#8243; _module_preset=\u00bbdefault\u00bb custom_margin=\u00bb8px|auto||auto||\u00bb global_colors_info=\u00bb{}\u00bb][et_pb_column type=\u00bb4_4&#8243; _builder_version=\u00bb4.23.4&#8243; _module_preset=\u00bbdefault\u00bb global_colors_info=\u00bb{}\u00bb][et_pb_text _builder_version=\u00bb4.24.3&#8243; _module_preset=\u00bb6578d8ce-fdd2-4834-b785-59d41c33771a\u00bb header_font=\u00bbPlayfair Display|600||on|||||\u00bb header_text_align=\u00bbcenter\u00bb header_text_color=\u00bb#0A3B33&#8243; header_font_size=\u00bb30px\u00bb header_5_font=\u00bbGeorgia|600|||||||\u00bb header_5_text_color=\u00bb#0A3B33&#8243; header_5_font_size=\u00bb20px\u00bb header_5_line_height=\u00bb1.4em\u00bb custom_margin=\u00bb||0px||false|false\u00bb header_5_font_size_tablet=\u00bb16px\u00bb header_5_font_size_phone=\u00bb14px\u00bb header_5_font_size_last_edited=\u00bbon|phone\u00bb locked=\u00bboff\u00bb global_colors_info=\u00bb{%22gcid-a2350b10-418b-42fb-a64f-595e76ef52f3%22:%91%22header_5_text_color%22%93}\u00bb]<\/p>\n<h1><span class=\"wixui-rich-text__text\"><fontsninja-text id=\"fontsninja-text-266\" class=\"fontsninja-family-rule_amatic-sc_700_normal\">Actividades<\/fontsninja-text><\/span><\/h1>\n<p>[\/et_pb_text][et_pb_image src=\u00bbhttps:\/\/laquijadadellobo.com\/wp-content\/uploads\/2024\/01\/ff6bf6_f112b3384a794de99b7a4e1e4bf215ef-3.png\u00bb alt=\u00bbIcono Dibujo linea\u00bb title_text=\u00bbicono-linea\u00bb align=\u00bbcenter\u00bb _builder_version=\u00bb4.24.0&#8243; _module_preset=\u00bbdefault\u00bb global_colors_info=\u00bb{}\u00bb][\/et_pb_image][\/et_pb_column][\/et_pb_row][et_pb_row column_structure=\u00bb1_2,1_2&#8243; _builder_version=\u00bb4.24.3&#8243; _module_preset=\u00bbdefault\u00bb custom_padding=\u00bb0px||1px|||\u00bb global_colors_info=\u00bb{}\u00bb][et_pb_column type=\u00bb1_2&#8243; _builder_version=\u00bb4.24.0&#8243; _module_preset=\u00bbdefault\u00bb global_colors_info=\u00bb{}\u00bb][et_pb_image src=\u00bbhttps:\/\/laquijadadellobo.com\/wp-content\/uploads\/2024\/04\/Diseno-sin-titulo-5-300&#215;94.png\u00bb title_text=\u00bbDise\u00f1o sin t\u00edtulo (5)\u00bb align=\u00bbcenter\u00bb _builder_version=\u00bb4.24.3&#8243; _module_preset=\u00bbdefault\u00bb width=\u00bb97.3%\u00bb global_colors_info=\u00bb{}\u00bb][\/et_pb_image][et_pb_text _builder_version=\u00bb4.24.3&#8243; _module_preset=\u00bbc456d36d-517c-490f-bf44-76e7b3b90058&#8243; header_5_font=\u00bbGeorgia|600|||||||\u00bb header_5_text_color=\u00bb#0A3B33&#8243; custom_margin=\u00bb||0px||false|false\u00bb global_colors_info=\u00bb{}\u00bb]<\/p>\n<h5 style=\"text-align: left;\">SENDERISMO Y BICICLETA DE MONTA\u00d1A<\/h5>\n<p>[\/et_pb_text][et_pb_text _builder_version=\u00bb4.24.3&#8243; _module_preset=\u00bb759ac093-9b1f-4776-b9c7-bcaf24b831b8&#8243; text_line_height=\u00bb1.7em\u00bb header_5_font=\u00bbGeorgia|600|||||||\u00bb header_5_text_color=\u00bb#0A3B33&#8243; header_5_font_size=\u00bb20px\u00bb header_5_line_height=\u00bb1.4em\u00bb custom_margin=\u00bb||0px||false|false\u00bb header_5_font_size_tablet=\u00bb16px\u00bb header_5_font_size_phone=\u00bb14px\u00bb header_5_font_size_last_edited=\u00bbon|phone\u00bb global_colors_info=\u00bb{%22gcid-a2350b10-418b-42fb-a64f-595e76ef52f3%22:%91%22header_5_text_color%22%93}\u00bb]<\/p>\n<p class=\"font_8 wixui-rich-text__text\"><span style=\"font-weight: 400;\">Hay muchas rutas para los amantes de las caminatas a pie o en bicicleta, con distintas intensidades y distancias.<br \/><\/span><span style=\"font-weight: 400;\">Una de las m\u00e1s famosas es la del Rey Jay\u00f3n. En la ASTOLL, Asociaci\u00f3n de Senderismo Tomillo y Or\u00e9gano de Llerena, encontrar\u00e1n informaci\u00f3n relevante.<br \/><\/span><span style=\"font-weight: 400;\">Hay empresas que se dedican al alquiler de bicicletas as\u00ed como a organizar rutas.<\/span><\/p>\n<p>[\/et_pb_text][\/et_pb_column][et_pb_column type=\u00bb1_2&#8243; _builder_version=\u00bb4.24.0&#8243; _module_preset=\u00bbdefault\u00bb global_colors_info=\u00bb{}\u00bb][et_pb_image src=\u00bbhttps:\/\/laquijadadellobo.com\/wp-content\/uploads\/2024\/04\/Diseno-sin-titulo-6-300&#215;94.png\u00bb title_text=\u00bbDise\u00f1o sin t\u00edtulo (6)\u00bb align=\u00bbcenter\u00bb _builder_version=\u00bb4.25.2&#8243; _module_preset=\u00bbdefault\u00bb transform_rotate=\u00bb0deg|190deg|0deg\u00bb custom_padding=\u00bb|15px||||\u00bb global_colors_info=\u00bb{}\u00bb][\/et_pb_image][et_pb_text _builder_version=\u00bb4.24.3&#8243; _module_preset=\u00bbc456d36d-517c-490f-bf44-76e7b3b90058&#8243; header_5_font=\u00bbGeorgia|600|||||||\u00bb header_5_text_color=\u00bb#0A3B33&#8243; custom_margin=\u00bb||0px||false|false\u00bb global_colors_info=\u00bb{%22gcid-a2350b10-418b-42fb-a64f-595e76ef52f3%22:%91%22header_5_text_color%22%93}\u00bb]<\/p>\n<h5 style=\"text-align: left;\">AVISTAMIENTO DE AVES Y KAYAK<\/h5>\n<p>[\/et_pb_text][et_pb_text _builder_version=\u00bb4.24.3&#8243; _module_preset=\u00bb759ac093-9b1f-4776-b9c7-bcaf24b831b8&#8243; text_line_height=\u00bb1.7em\u00bb header_5_font=\u00bbGeorgia|600|||||||\u00bb header_5_text_color=\u00bb#0A3B33&#8243; header_5_font_size=\u00bb20px\u00bb header_5_line_height=\u00bb1.4em\u00bb custom_margin=\u00bb||0px||false|false\u00bb header_5_font_size_tablet=\u00bb16px\u00bb header_5_font_size_phone=\u00bb14px\u00bb header_5_font_size_last_edited=\u00bbon|phone\u00bb global_colors_info=\u00bb{%22gcid-a2350b10-418b-42fb-a64f-595e76ef52f3%22:%91%22header_5_text_color%22%93}\u00bb]<\/p>\n<p><span style=\"font-weight: 400;\">El cercano Centro de Interpretaci\u00f3n del pantano de Arroyo Conejo, considerado el hogar de una amplia poblaci\u00f3n de aves acu\u00e1ticas, catalogada como de importancia internacional, y que tambi\u00e9n atesora el jarabugo, una especie de pez en peligro de extinci\u00f3n.<\/span><\/p>\n<p><span style=\"font-weight: 400;\">El centro de interpretaci\u00f3n de Arroyo Conejo es un lugar donde disfrutar de diferentes actividades, entre ellas el avistamiento de aves. El centro cuenta con prism\u00e1ticos y zona de mirador para realizar esta actividad.<\/span><\/p>\n<p><span style=\"font-weight: 400;\">En el centro est\u00e1n representadas gran parte de las variedad de aves, mam\u00edferos y reptiles que encontramos en la ZEPA donde nos ubicamos. Entre las especies de aves m\u00e1s relevantes que puedes avistar destacan las colonias de pagaza piconegra, la canastera com\u00fan y el ga<\/span><span style=\"font-weight: 400;\">viot\u00edn negro, en peligro de extinci\u00f3n, as\u00ed como concentraciones invernales de grulla com\u00fan.<\/span><\/p>\n<p><span style=\"font-weight: 400;\">Adem\u00e1s, es un lugar ideal para la pr\u00e1ctica de actividades acu\u00e1ticas, tipo Kayak, donde puedes alquilarlos.<\/span><\/p>\n<p>[\/et_pb_text][\/et_pb_column][\/et_pb_row][et_pb_row _builder_version=\u00bb4.24.0&#8243; _module_preset=\u00bbdefault\u00bb global_colors_info=\u00bb{}\u00bb][et_pb_column type=\u00bb4_4&#8243; _builder_version=\u00bb4.24.0&#8243; _module_preset=\u00bbdefault\u00bb global_colors_info=\u00bb{}\u00bb][et_pb_divider color=\u00bb#0A3B33&#8243; divider_style=\u00bboutset\u00bb divider_weight=\u00bb1px\u00bb _builder_version=\u00bb4.24.0&#8243; _module_preset=\u00bbdefault\u00bb global_colors_info=\u00bb{}\u00bb][\/et_pb_divider][\/et_pb_column][\/et_pb_row][et_pb_row column_structure=\u00bb1_2,1_2&#8243; _builder_version=\u00bb4.24.3&#8243; _module_preset=\u00bbdefault\u00bb custom_padding=\u00bb0px||1px|||\u00bb global_colors_info=\u00bb{}\u00bb][et_pb_column type=\u00bb1_2&#8243; _builder_version=\u00bb4.24.0&#8243; _module_preset=\u00bbdefault\u00bb global_colors_info=\u00bb{}\u00bb][et_pb_image src=\u00bbhttps:\/\/laquijadadellobo.com\/wp-content\/uploads\/2024\/04\/alpinismo.png\u00bb _builder_version=\u00bb4.27.2&#8243; _module_preset=\u00bbdefault\u00bb hover_enabled=\u00bb0&#8243; sticky_enabled=\u00bb0&#8243; title_text=\u00bbalpinismo\u00bb width=\u00bb20%\u00bb module_alignment=\u00bbcenter\u00bb width_last_edited=\u00bbon|tablet\u00bb width_phone=\u00bb30%\u00bb width_tablet=\u00bb20%\u00bb][\/et_pb_image][et_pb_text _builder_version=\u00bb4.24.3&#8243; _module_preset=\u00bbc456d36d-517c-490f-bf44-76e7b3b90058&#8243; header_5_font=\u00bbGeorgia|600|||||||\u00bb header_5_text_color=\u00bb#0A3B33&#8243; custom_margin=\u00bb||0px||false|false\u00bb global_colors_info=\u00bb{%22gcid-a2350b10-418b-42fb-a64f-595e76ef52f3%22:%91%22header_5_text_color%22%93}\u00bb]<\/p>\n<h5 style=\"text-align: left;\">ESCALADA EN ZAFRA Y CERRO DEL HIERRO<\/h5>\n<p>[\/et_pb_text][et_pb_text _builder_version=\u00bb4.24.3&#8243; _module_preset=\u00bb759ac093-9b1f-4776-b9c7-bcaf24b831b8&#8243; text_line_height=\u00bb1.7em\u00bb header_5_font=\u00bbGeorgia|600|||||||\u00bb header_5_text_color=\u00bb#0A3B33&#8243; header_5_font_size=\u00bb20px\u00bb header_5_line_height=\u00bb1.4em\u00bb custom_margin=\u00bb||0px||false|false\u00bb header_5_font_size_tablet=\u00bb16px\u00bb header_5_font_size_phone=\u00bb14px\u00bb header_5_font_size_last_edited=\u00bbon|phone\u00bb global_colors_info=\u00bb{%22gcid-a2350b10-418b-42fb-a64f-595e76ef52f3%22:%91%22header_5_text_color%22%93}\u00bb]<\/p>\n<p class=\"font_8 wixui-rich-text__text\"><span style=\"font-weight: 400;\">Las escuelas m\u00e1s famosas de la zona son las de Zafra y las del Cerro del Hierro, con v\u00edas de distintas dificultades y donde tambi\u00e9n hay empresas dedicadas a la iniciaci\u00f3n a este deporte.<\/span><\/p>\n<p>[\/et_pb_text][\/et_pb_column][et_pb_column type=\u00bb1_2&#8243; _builder_version=\u00bb4.24.3&#8243; _module_preset=\u00bbdefault\u00bb global_colors_info=\u00bb{}\u00bb][et_pb_image src=\u00bbhttps:\/\/laquijadadellobo.com\/wp-content\/uploads\/2024\/04\/espeleologia.png\u00bb _builder_version=\u00bb4.27.2&#8243; _module_preset=\u00bbdefault\u00bb hover_enabled=\u00bb0&#8243; sticky_enabled=\u00bb0&#8243; title_text=\u00bbespeleologia\u00bb width=\u00bb20%\u00bb module_alignment=\u00bbcenter\u00bb transform_scale=\u00bb130%|130%\u00bb align=\u00bbcenter\u00bb width_last_edited=\u00bbon|phone\u00bb width_tablet=\u00bb20%\u00bb width_phone=\u00bb30%\u00bb][\/et_pb_image][et_pb_text _builder_version=\u00bb4.24.3&#8243; _module_preset=\u00bbc456d36d-517c-490f-bf44-76e7b3b90058&#8243; header_5_font=\u00bbGeorgia|600|||||||\u00bb header_5_text_color=\u00bb#0A3B33&#8243; custom_margin=\u00bb||0px||false|false\u00bb global_colors_info=\u00bb{%22gcid-a2350b10-418b-42fb-a64f-595e76ef52f3%22:%91%22header_5_text_color%22%93}\u00bb]<\/p>\n<h5 style=\"text-align: left;\">BARRANQUISMO Y ESPELEOLOG\u00cdA<\/h5>\n<p>[\/et_pb_text][et_pb_text _builder_version=\u00bb4.24.3&#8243; _module_preset=\u00bb759ac093-9b1f-4776-b9c7-bcaf24b831b8&#8243; text_line_height=\u00bb1.7em\u00bb header_5_font=\u00bbGeorgia|600|||||||\u00bb header_5_text_color=\u00bb#0A3B33&#8243; header_5_font_size=\u00bb20px\u00bb header_5_line_height=\u00bb1.4em\u00bb custom_margin=\u00bb||0px||false|false\u00bb header_5_font_size_tablet=\u00bb16px\u00bb header_5_font_size_phone=\u00bb14px\u00bb header_5_font_size_last_edited=\u00bbon|phone\u00bb global_colors_info=\u00bb{%22gcid-a2350b10-418b-42fb-a64f-595e76ef52f3%22:%91%22header_5_text_color%22%93}\u00bb]<\/p>\n<p><span style=\"font-weight: 400;\">Hay empresas en la zona que se dedican a proporcionar estas emocionantes experiencias, llevando al Barranco de las Calzadillas o el del arroyo Risco Blanco, en Almad\u00e9n de la Plata.<\/span><\/p>\n<p><span style=\"font-weight: 400;\">Respecto a la espeleolog\u00eda, se podr\u00e1n visitar simas cercanas en la Sierra de San Miguel, en Llerena o tambi\u00e9n las del Cerro del Hierro.<\/span><\/p>\n<p>[\/et_pb_text][\/et_pb_column][\/et_pb_row][et_pb_row _builder_version=\u00bb4.24.0&#8243; _module_preset=\u00bbdefault\u00bb global_colors_info=\u00bb{}\u00bb][et_pb_column type=\u00bb4_4&#8243; _builder_version=\u00bb4.24.0&#8243; _module_preset=\u00bbdefault\u00bb global_colors_info=\u00bb{}\u00bb][et_pb_divider color=\u00bb#0A3B33&#8243; divider_style=\u00bboutset\u00bb divider_weight=\u00bb1px\u00bb _builder_version=\u00bb4.24.0&#8243; _module_preset=\u00bbdefault\u00bb global_colors_info=\u00bb{}\u00bb][\/et_pb_divider][\/et_pb_column][\/et_pb_row][et_pb_row column_structure=\u00bb1_2,1_2&#8243; _builder_version=\u00bb4.24.3&#8243; _module_preset=\u00bbdefault\u00bb custom_padding=\u00bb0px||1px|||\u00bb global_colors_info=\u00bb{}\u00bb][et_pb_column type=\u00bb1_2&#8243; _builder_version=\u00bb4.24.0&#8243; _module_preset=\u00bbdefault\u00bb global_colors_info=\u00bb{}\u00bb][et_pb_image src=\u00bbhttps:\/\/laquijadadellobo.com\/wp-content\/uploads\/2024\/04\/patineta.png\u00bb _builder_version=\u00bb4.27.2&#8243; _module_preset=\u00bbdefault\u00bb hover_enabled=\u00bb0&#8243; sticky_enabled=\u00bb0&#8243; title_text=\u00bbpatineta\u00bb width=\u00bb20%\u00bb module_alignment=\u00bbcenter\u00bb width_last_edited=\u00bbon|tablet\u00bb width_phone=\u00bb30%\u00bb width_tablet=\u00bb20%\u00bb][\/et_pb_image][et_pb_text _builder_version=\u00bb4.24.3&#8243; _module_preset=\u00bbc456d36d-517c-490f-bf44-76e7b3b90058&#8243; header_5_font=\u00bbGeorgia|600|||||||\u00bb header_5_text_color=\u00bb#0A3B33&#8243; custom_margin=\u00bb||0px||false|false\u00bb global_colors_info=\u00bb{%22gcid-a2350b10-418b-42fb-a64f-595e76ef52f3%22:%91%22header_5_text_color%22%93}\u00bb]<\/p>\n<h5 style=\"text-align: left;\">SKATEBOARD Y DESCENSO EN LONGBOARD<\/h5>\n<p>[\/et_pb_text][et_pb_text _builder_version=\u00bb4.24.3&#8243; _module_preset=\u00bb759ac093-9b1f-4776-b9c7-bcaf24b831b8&#8243; text_line_height=\u00bb1.7em\u00bb header_5_font=\u00bbGeorgia|600|||||||\u00bb header_5_text_color=\u00bb#0A3B33&#8243; header_5_font_size=\u00bb20px\u00bb header_5_line_height=\u00bb1.4em\u00bb custom_margin=\u00bb||0px||false|false\u00bb header_5_font_size_tablet=\u00bb16px\u00bb header_5_font_size_phone=\u00bb14px\u00bb header_5_font_size_last_edited=\u00bbon|phone\u00bb global_colors_info=\u00bb{%22gcid-a2350b10-418b-42fb-a64f-595e76ef52f3%22:%91%22header_5_text_color%22%93}\u00bb]<\/p>\n<p class=\"font_8 wixui-rich-text__text\"><span style=\"font-weight: 400;\">Para los amantes a las cuatro ruedas tenemos nuestra propia miniramp de skate. Tambi\u00e9n hay un skatepark en Llerena, y las poco transitadas carreteras del Valle de los Molinos las hacen perfectas para los descensos.<\/span><\/p>\n<p>[\/et_pb_text][\/et_pb_column][et_pb_column type=\u00bb1_2&#8243; _builder_version=\u00bb4.24.3&#8243; _module_preset=\u00bbdefault\u00bb global_colors_info=\u00bb{}\u00bb][et_pb_image src=\u00bbhttps:\/\/laquijadadellobo.com\/wp-content\/uploads\/2024\/04\/caballo.png\u00bb _builder_version=\u00bb4.27.2&#8243; _module_preset=\u00bbdefault\u00bb hover_enabled=\u00bb0&#8243; sticky_enabled=\u00bb0&#8243; title_text=\u00bbcaballo\u00bb width=\u00bb20%\u00bb module_alignment=\u00bbcenter\u00bb width_last_edited=\u00bbon|tablet\u00bb width_phone=\u00bb30%\u00bb width_tablet=\u00bb20%\u00bb][\/et_pb_image][et_pb_text _builder_version=\u00bb4.24.3&#8243; _module_preset=\u00bbc456d36d-517c-490f-bf44-76e7b3b90058&#8243; header_5_font=\u00bbGeorgia|600|||||||\u00bb header_5_text_color=\u00bb#0A3B33&#8243; custom_margin=\u00bb||0px||false|false\u00bb global_colors_info=\u00bb{%22gcid-a2350b10-418b-42fb-a64f-595e76ef52f3%22:%91%22header_5_text_color%22%93}\u00bb]<\/p>\n<h5 style=\"text-align: left;\">PASEOS A CABALLO<\/h5>\n<p>[\/et_pb_text][et_pb_text _builder_version=\u00bb4.24.3&#8243; _module_preset=\u00bb759ac093-9b1f-4776-b9c7-bcaf24b831b8&#8243; text_line_height=\u00bb1.7em\u00bb header_5_font=\u00bbGeorgia|600|||||||\u00bb header_5_text_color=\u00bb#0A3B33&#8243; header_5_font_size=\u00bb20px\u00bb header_5_line_height=\u00bb1.4em\u00bb custom_margin=\u00bb||0px||false|false\u00bb header_5_font_size_tablet=\u00bb16px\u00bb header_5_font_size_phone=\u00bb14px\u00bb header_5_font_size_last_edited=\u00bbon|phone\u00bb global_colors_info=\u00bb{%22gcid-a2350b10-418b-42fb-a64f-595e76ef52f3%22:%91%22header_5_text_color%22%93}\u00bb]<\/p>\n<p><span style=\"font-weight: 400;\">Se pueden dar paseos a caballo o contratar las clases de equitaci\u00f3n en pista ecuestre con distintas empresas llerenenses que se dedican a ello.<\/span><\/p>\n<p>[\/et_pb_text][\/et_pb_column][\/et_pb_row][et_pb_row _builder_version=\u00bb4.24.0&#8243; _module_preset=\u00bbdefault\u00bb global_colors_info=\u00bb{}\u00bb][et_pb_column type=\u00bb4_4&#8243; _builder_version=\u00bb4.24.0&#8243; _module_preset=\u00bbdefault\u00bb global_colors_info=\u00bb{}\u00bb][et_pb_divider color=\u00bb#0A3B33&#8243; divider_style=\u00bboutset\u00bb divider_weight=\u00bb1px\u00bb _builder_version=\u00bb4.24.0&#8243; _module_preset=\u00bbdefault\u00bb global_colors_info=\u00bb{}\u00bb][\/et_pb_divider][\/et_pb_column][\/et_pb_row][et_pb_row column_structure=\u00bb1_2,1_2&#8243; _builder_version=\u00bb4.24.3&#8243; _module_preset=\u00bbdefault\u00bb custom_padding=\u00bb0px||31px|||\u00bb global_colors_info=\u00bb{}\u00bb][et_pb_column type=\u00bb1_2&#8243; _builder_version=\u00bb4.24.0&#8243; _module_preset=\u00bbdefault\u00bb global_colors_info=\u00bb{}\u00bb][et_pb_image src=\u00bbhttps:\/\/laquijadadellobo.com\/wp-content\/uploads\/2024\/04\/astronomia.png\u00bb _builder_version=\u00bb4.27.2&#8243; _module_preset=\u00bbdefault\u00bb hover_enabled=\u00bb0&#8243; sticky_enabled=\u00bb0&#8243; title_text=\u00bbastronomia\u00bb width=\u00bb20%\u00bb module_alignment=\u00bbcenter\u00bb width_last_edited=\u00bbon|tablet\u00bb width_phone=\u00bb30%\u00bb width_tablet=\u00bb20%\u00bb][\/et_pb_image][et_pb_text _builder_version=\u00bb4.24.3&#8243; _module_preset=\u00bbc456d36d-517c-490f-bf44-76e7b3b90058&#8243; header_5_font=\u00bbGeorgia|600|||||||\u00bb header_5_text_color=\u00bb#0A3B33&#8243; custom_margin=\u00bb||0px||false|false\u00bb global_colors_info=\u00bb{%22gcid-a2350b10-418b-42fb-a64f-595e76ef52f3%22:%91%22header_5_text_color%22%93}\u00bb]<\/p>\n<h5 style=\"text-align: left;\">ASTRONOM\u00cdA &#8211; CARTA ESTELAR TENTUD\u00cdA<\/h5>\n<p>[\/et_pb_text][et_pb_text _builder_version=\u00bb4.24.3&#8243; _module_preset=\u00bb759ac093-9b1f-4776-b9c7-bcaf24b831b8&#8243; text_line_height=\u00bb1.7em\u00bb header_5_font=\u00bbGeorgia|600|||||||\u00bb header_5_text_color=\u00bb#0A3B33&#8243; header_5_font_size=\u00bb20px\u00bb header_5_line_height=\u00bb1.4em\u00bb custom_margin=\u00bb||0px||false|false\u00bb header_5_font_size_tablet=\u00bb16px\u00bb header_5_font_size_phone=\u00bb14px\u00bb header_5_font_size_last_edited=\u00bbon|phone\u00bb global_colors_info=\u00bb{%22gcid-a2350b10-418b-42fb-a64f-595e76ef52f3%22:%91%22header_5_text_color%22%93}\u00bb]<\/p>\n<p><span style=\"font-weight: 400;\">Desde nuestra casa se divisa un firmamento espectacular, sin contaminaci\u00f3n lum\u00ednica, que lo hace un lugar maravilloso para contemplar las estrellas.<\/span><\/p>\n<p><span style=\"font-weight: 400;\">Las personas aficionadas a la astronom\u00eda conocen el cercano monte de La Capitana, un antiguo observatorio astron\u00f3mico, hoy d\u00eda en estado de abandono pero que conserva su belleza arquitect\u00f3nica. Se encuentra entre Llerena y Guadalcanal. Muy cerca, podremos disfrutar de un fabuloso mirador con vistas al sur de la meseta extreme\u00f1a y al conjunto de la Sierra Norte de Sevilla.<\/span><span style=\"font-weight: 400;\"><\/span><\/p>\n<p><span style=\"font-weight: 400;\">Carta Estelar Tentud\u00eda surge como resultado de la pasi\u00f3n y la afici\u00f3n de V\u00edctor M. Guare\u00f1o, arquitecto de profesi\u00f3n, por la astronom\u00eda y su divulgaci\u00f3n. De ah\u00ed su nombre, haciendo un gui\u00f1o a esos \u201cplanos del cielo\u201d, a esas cartas estelares.<\/span><\/p>\n<p><span style=\"font-weight: 400;\">De un hobby transformado en pasi\u00f3n, a una realidad, que pretende convertirse en una oportunidad para el visitante y el residente de Extremadura de poder disfrutar de ocio y cultura de una manera cercana, pr\u00f3xima y al alcance de todos.<\/span><\/p>\n<p><span style=\"font-weight: 400;\">Formamos parte del programa \u201cExtremadura Buenas Noches\u201d de la Junta de Extremadura, contando con su respaldo, y tenemos el n\u00famero de registro Turismo OA-BA-00079.<\/span><\/p>\n<p><span style=\"font-weight: 400;\">Extremadura cuenta con dos territorios que han recibido el certificado de Destino Tur\u00edstico Starlight. En toda la comunidad, y por lo tanto, desde la Casa Rural La Quijada del Lobo, se cuenta con uno de los cielos m\u00e1s limpios y libres de contaminaci\u00f3n lum\u00ednica de Europa y es una de las pocas zonas del planeta donde la observaci\u00f3n de estrellas es un privilegio; tenemos sobre nuestras cabezas un monumento m\u00e1s del que quedarse enamorado de Extremadura.<\/span><\/p>\n<p><span style=\"color: #0a3b33;\"><strong>OBSERVACIONES CON TELESCOPIO<\/strong><\/span><\/p>\n<p><span style=\"font-weight: 400;\">Las actividades tendr\u00e1n una duraci\u00f3n aproximada de 2 horas. Con la ayuda de un puntero l\u00e1ser astron\u00f3mico, observaremos a simple vista el cielo, donde aprenderemos a orientarnos en \u00e9l, a reconocer sus principales constelaciones en cada estaci\u00f3n y nos adentraremos en el pasado conociendo las historias mitol\u00f3gicas que se asocian a cada una de ellas.<\/span><\/p>\n<p><span style=\"font-weight: 400;\">Seg\u00fan el mes, contemplaremos con asombro alg\u00fan planeta de nuestro sistema solar, la impresionante Luna con sus cr\u00e1teres y cordilleras, y nos adentraremos con el telescopio a objetos del cielo profundo como c\u00famulos abiertos y cerrados, estrellas dobles, nebulosas donde se forman y nacen estrellas y hasta nada m\u00e1s y nada menos que una galaxia!<\/span><\/p>\n<p><span style=\"font-weight: 400;\">Terminaremos tomando conciencia del tama\u00f1o del Universo y de la posici\u00f3n que ocupamos en \u00e9l.<\/span><\/p>\n<p><span style=\"font-weight: 400;\">Las observaciones se pueden acompa\u00f1ar con degustaci\u00f3n de productos ib\u00e9ricos, degustaci\u00f3n de cava o vinos e incluso, con m\u00fasica en directo de saxo o instrumentos de cuerda, haciendo de la actividad, una aut\u00e9ntica experiencia.<\/span><\/p>\n<p>[\/et_pb_text][\/et_pb_column][et_pb_column type=\u00bb1_2&#8243; _builder_version=\u00bb4.24.3&#8243; _module_preset=\u00bbdefault\u00bb global_colors_info=\u00bb{}\u00bb][et_pb_image src=\u00bbhttps:\/\/laquijadadellobo.com\/wp-content\/uploads\/2024\/04\/cacao-1.png\u00bb _builder_version=\u00bb4.27.2&#8243; _module_preset=\u00bbdefault\u00bb hover_enabled=\u00bb0&#8243; sticky_enabled=\u00bb0&#8243; title_text=\u00bbcacao\u00bb width=\u00bb20%\u00bb module_alignment=\u00bbcenter\u00bb width_last_edited=\u00bbon|tablet\u00bb width_phone=\u00bb30%\u00bb width_tablet=\u00bb20%\u00bb][\/et_pb_image][et_pb_text _builder_version=\u00bb4.24.3&#8243; _module_preset=\u00bbc456d36d-517c-490f-bf44-76e7b3b90058&#8243; header_5_font=\u00bbGeorgia|600|||||||\u00bb header_5_text_color=\u00bb#0A3B33&#8243; custom_margin=\u00bb||0px||false|false\u00bb global_colors_info=\u00bb{%22gcid-a2350b10-418b-42fb-a64f-595e76ef52f3%22:%91%22header_5_text_color%22%93}\u00bb]<\/p>\n<h5 style=\"text-align: left;\">CHOCOLATE MORO<\/h5>\n<p>[\/et_pb_text][et_pb_text _builder_version=\u00bb4.24.3&#8243; _module_preset=\u00bb759ac093-9b1f-4776-b9c7-bcaf24b831b8&#8243; text_line_height=\u00bb1.7em\u00bb header_5_font=\u00bbGeorgia|600|||||||\u00bb header_5_text_color=\u00bb#0A3B33&#8243; header_5_font_size=\u00bb20px\u00bb header_5_line_height=\u00bb1.4em\u00bb custom_margin=\u00bb||0px||false|false\u00bb header_5_font_size_tablet=\u00bb16px\u00bb header_5_font_size_phone=\u00bb14px\u00bb header_5_font_size_last_edited=\u00bbon|phone\u00bb global_colors_info=\u00bb{%22gcid-a2350b10-418b-42fb-a64f-595e76ef52f3%22:%91%22header_5_text_color%22%93}\u00bb]<\/p>\n<p><span style=\"font-weight: 400;\">La historia de Fernando y \u00c1ngeles comenz\u00f3 en 2011 en Nicaragua y la idea de producir chocolate en casa les surgi\u00f3 ante la dificultad de conseguir una tableta de calidad. Entre otros hallazgos, sus investigaciones les llevaron al movimiento \u201cbean to bar\u201d (del grano a la tableta). Este movimiento designa una forma de hacer chocolate a peque\u00f1a escala. Actualmente en Espa\u00f1a hay un reducido pero creciente n\u00famero de empresas dedicadas a realizar este tipo de chocolate.<\/span><\/p>\n<p><span style=\"font-weight: 400;\">Habiendo comenzado visitando fincas y cooperativas para conocer mejor el proceso de recolecci\u00f3n, fermentaci\u00f3n y secado. Sus procesos productivos han ido evolucionando y perfeccion\u00e1ndose, as\u00ed como su aprendizaje y la calidad del producto final. Es muy importante para ellos que el cacao que obtienen se elabore siempre siguiendo criterios \u00e9ticos y sostenibles, manteniendo relaci\u00f3n directa con los productos y un pago justo por el precio del cacao.<\/span><\/p>\n<p><span style=\"font-weight: 400;\">Desde entonces, sin dejar de interesarse por el mundo del cacao, han ido evolucionando en su proceso de elaboraci\u00f3n.<\/span><\/p>\n<p><span style=\"font-weight: 400;\">Asentados ya en Llerena, desde el 2019 elaboran su propio chocolate de un modo totalmente artesanal, donde abrieron su taller\/obrador, importando su materia prima directamente de los pa\u00edses catalogados como los mejores productores del mundo. En la elaboraci\u00f3n de Chocolate Moro no se utilizan procesos qu\u00edmicos y mantienen las t\u00e9cnicas aprendidas de primera mano en el pa\u00eds centroamericano en el que surgi\u00f3 este proyecto.<\/span><\/p>\n<p><span style=\"font-weight: 400;\">Actualmente su principal inter\u00e9s se dirige a la introducci\u00f3n de productos locales de origen extreme\u00f1o en combinaci\u00f3n con sus chocolates, como el piment\u00f3n con sal, la cereza picota y el licor de bellota.<\/span><\/p>\n<p><span style=\"font-weight: 400;\">En 2022 presentaron su producto estrella, el bomb\u00f3n de higo relleno de ganache, en la Academy of Chocolate con sede en Reino Unido, que obtuvo el Premio Internacional de Bronce y en 2023 presentaron su tableta de piment\u00f3n con sal premiada con el Bronce internacional y su tableta de licor de bellota premiada con el Premio Internacional de Oro. Estos premios les dan la pasi\u00f3n de seguir mejorando la calidad y les animan a hacer un mejor chocolate.<\/span><\/p>\n<p><span style=\"font-weight: 400;\">Como son los primeros y \u00fanicos fabricantes de bean to bar en Extremadura, se sienten orgullosos de explicar y acercar a sus clientes el maravilloso mundo del cacao mediante visitas y degustaciones de sus productos, en su obrador o en eventos privados, para que el p\u00fablico conozca la diferencia entre un chocolate comercial y un chocolate bean to bar.<\/span><\/p>\n<p>[\/et_pb_text][\/et_pb_column][\/et_pb_row][\/et_pb_section]<\/p>\n","protected":false},"excerpt":{"rendered":"<p>Alrededores de la Quijada del LoboNos consideramos unos privilegiados, no solo por encontrarnos rodeados de monta\u00f1as y el Valle de Los Molinos, tambi\u00e9n por nuestra magn\u00edfica situaci\u00f3n geogr\u00e1fica, que nos permite visitar en el d\u00eda aut\u00e9nticas maravillas de la naturaleza o arquitect\u00f3nicas. Tales como:Fotografias cedidas por Juan Sevilla y Photomayenta.LlerenaA tan solo 8 km de [&hellip;]<\/p>\n","protected":false},"author":2,"featured_media":0,"parent":0,"menu_order":0,"comment_status":"closed","ping_status":"closed","template":"","meta":{"_acf_changed":false,"_et_pb_use_builder":"on","_et_pb_old_content":"","_et_gb_content_width":"","inline_featured_image":false,"_joinchat":[],"footnotes":""},"class_list":["post-128","page","type-page","status-publish","hentry"],"acf":[],"yoast_head":"<!-- This site is optimized with the Yoast SEO plugin v27.5 - https:\/\/yoast.com\/product\/yoast-seo-wordpress\/ -->\n<title>Actividades - La Quijada del Lobo<\/title>\n<meta name=\"description\" content=\"En La Quijada del Lobo, disfruta de Llerena, explora la antigua Regina Turdulorum, marav\u00edllate con el Monasterio de Tentudia y m\u00e1s.\" \/>\n<meta name=\"robots\" content=\"index, follow, max-snippet:-1, max-image-preview:large, max-video-preview:-1\" \/>\n<link rel=\"canonical\" href=\"https:\/\/laquijadadellobo.com\/en\/actividades\/\" \/>\n<meta property=\"og:locale\" content=\"en_GB\" \/>\n<meta property=\"og:type\" content=\"article\" \/>\n<meta property=\"og:title\" content=\"Actividades La Quijada Del Lobo \ud83d\udc3a\" \/>\n<meta property=\"og:description\" content=\"En La Quijada del Lobo, disfruta de la monumentalidad de Llerena, explora la antigua Regina Turdulorum en Casas de Reina, marav\u00edllate con el Monasterio de Tentudia y m\u00e1s. \u00a1Un refugio perfecto para explorar Badajoz!\" \/>\n<meta property=\"og:url\" content=\"https:\/\/laquijadadellobo.com\/en\/actividades\/\" \/>\n<meta property=\"og:site_name\" content=\"La Quijada del Lobo\" \/>\n<meta property=\"article:modified_time\" content=\"2024-11-06T10:46:11+00:00\" \/>\n<meta property=\"og:image\" content=\"https:\/\/laquijadadellobo.com\/wp-content\/uploads\/2024\/01\/1642261390332.jpg\" \/>\n\t<meta property=\"og:image:width\" content=\"1312\" \/>\n\t<meta property=\"og:image:height\" content=\"1234\" \/>\n\t<meta property=\"og:image:type\" content=\"image\/jpeg\" \/>\n<meta name=\"twitter:card\" content=\"summary_large_image\" \/>\n<meta name=\"twitter:label1\" content=\"Estimated reading time\" \/>\n\t<meta name=\"twitter:data1\" content=\"11 minutes\" \/>\n<script type=\"application\/ld+json\" class=\"yoast-schema-graph\">{\"@context\":\"https:\\\/\\\/schema.org\",\"@graph\":[{\"@type\":\"WebPage\",\"@id\":\"https:\\\/\\\/laquijadadellobo.com\\\/actividades\\\/\",\"url\":\"https:\\\/\\\/laquijadadellobo.com\\\/actividades\\\/\",\"name\":\"Actividades - La Quijada del Lobo\",\"isPartOf\":{\"@id\":\"https:\\\/\\\/laquijadadellobo.com\\\/#website\"},\"datePublished\":\"2024-01-08T17:53:57+00:00\",\"dateModified\":\"2024-11-06T10:46:11+00:00\",\"description\":\"En La Quijada del Lobo, disfruta de Llerena, explora la antigua Regina Turdulorum, marav\u00edllate con el Monasterio de Tentudia y m\u00e1s.\",\"breadcrumb\":{\"@id\":\"https:\\\/\\\/laquijadadellobo.com\\\/actividades\\\/#breadcrumb\"},\"inLanguage\":\"en-GB\",\"potentialAction\":[{\"@type\":\"ReadAction\",\"target\":[\"https:\\\/\\\/laquijadadellobo.com\\\/actividades\\\/\"]}]},{\"@type\":\"BreadcrumbList\",\"@id\":\"https:\\\/\\\/laquijadadellobo.com\\\/actividades\\\/#breadcrumb\",\"itemListElement\":[{\"@type\":\"ListItem\",\"position\":1,\"name\":\"Portada\",\"item\":\"https:\\\/\\\/laquijadadellobo.com\\\/\"},{\"@type\":\"ListItem\",\"position\":2,\"name\":\"Actividades\"}]},{\"@type\":\"WebSite\",\"@id\":\"https:\\\/\\\/laquijadadellobo.com\\\/#website\",\"url\":\"https:\\\/\\\/laquijadadellobo.com\\\/\",\"name\":\"La Quijada del Lobo\",\"description\":\"Bienvenidos a la Quijada del Lobo, un remanso de Paz. Alojamiento tur\u00edstico en Llerena, Badajoz\",\"potentialAction\":[{\"@type\":\"SearchAction\",\"target\":{\"@type\":\"EntryPoint\",\"urlTemplate\":\"https:\\\/\\\/laquijadadellobo.com\\\/?s={search_term_string}\"},\"query-input\":{\"@type\":\"PropertyValueSpecification\",\"valueRequired\":true,\"valueName\":\"search_term_string\"}}],\"inLanguage\":\"en-GB\"}]}<\/script>\n<!-- \/ Yoast SEO plugin. -->","yoast_head_json":{"title":"Actividades - La Quijada del Lobo","description":"En La Quijada del Lobo, disfruta de Llerena, explora la antigua Regina Turdulorum, marav\u00edllate con el Monasterio de Tentudia y m\u00e1s.","robots":{"index":"index","follow":"follow","max-snippet":"max-snippet:-1","max-image-preview":"max-image-preview:large","max-video-preview":"max-video-preview:-1"},"canonical":"https:\/\/laquijadadellobo.com\/en\/actividades\/","og_locale":"en_GB","og_type":"article","og_title":"Actividades La Quijada Del Lobo \ud83d\udc3a","og_description":"En La Quijada del Lobo, disfruta de la monumentalidad de Llerena, explora la antigua Regina Turdulorum en Casas de Reina, marav\u00edllate con el Monasterio de Tentudia y m\u00e1s. \u00a1Un refugio perfecto para explorar Badajoz!","og_url":"https:\/\/laquijadadellobo.com\/en\/actividades\/","og_site_name":"La Quijada del Lobo","article_modified_time":"2024-11-06T10:46:11+00:00","og_image":[{"width":1312,"height":1234,"url":"https:\/\/laquijadadellobo.com\/wp-content\/uploads\/2024\/01\/1642261390332.jpg","type":"image\/jpeg"}],"twitter_card":"summary_large_image","twitter_misc":{"Estimated reading time":"11 minutes"},"schema":{"@context":"https:\/\/schema.org","@graph":[{"@type":"WebPage","@id":"https:\/\/laquijadadellobo.com\/actividades\/","url":"https:\/\/laquijadadellobo.com\/actividades\/","name":"Actividades - La Quijada del Lobo","isPartOf":{"@id":"https:\/\/laquijadadellobo.com\/#website"},"datePublished":"2024-01-08T17:53:57+00:00","dateModified":"2024-11-06T10:46:11+00:00","description":"En La Quijada del Lobo, disfruta de Llerena, explora la antigua Regina Turdulorum, marav\u00edllate con el Monasterio de Tentudia y m\u00e1s.","breadcrumb":{"@id":"https:\/\/laquijadadellobo.com\/actividades\/#breadcrumb"},"inLanguage":"en-GB","potentialAction":[{"@type":"ReadAction","target":["https:\/\/laquijadadellobo.com\/actividades\/"]}]},{"@type":"BreadcrumbList","@id":"https:\/\/laquijadadellobo.com\/actividades\/#breadcrumb","itemListElement":[{"@type":"ListItem","position":1,"name":"Portada","item":"https:\/\/laquijadadellobo.com\/"},{"@type":"ListItem","position":2,"name":"Actividades"}]},{"@type":"WebSite","@id":"https:\/\/laquijadadellobo.com\/#website","url":"https:\/\/laquijadadellobo.com\/","name":"La Quijada del Lobo","description":"Bienvenidos a la Quijada del Lobo, un remanso de Paz. Alojamiento tur\u00edstico en Llerena, Badajoz","potentialAction":[{"@type":"SearchAction","target":{"@type":"EntryPoint","urlTemplate":"https:\/\/laquijadadellobo.com\/?s={search_term_string}"},"query-input":{"@type":"PropertyValueSpecification","valueRequired":true,"valueName":"search_term_string"}}],"inLanguage":"en-GB"}]}},"_links":{"self":[{"href":"https:\/\/laquijadadellobo.com\/en\/wp-json\/wp\/v2\/pages\/128","targetHints":{"allow":["GET"]}}],"collection":[{"href":"https:\/\/laquijadadellobo.com\/en\/wp-json\/wp\/v2\/pages"}],"about":[{"href":"https:\/\/laquijadadellobo.com\/en\/wp-json\/wp\/v2\/types\/page"}],"author":[{"embeddable":true,"href":"https:\/\/laquijadadellobo.com\/en\/wp-json\/wp\/v2\/users\/2"}],"replies":[{"embeddable":true,"href":"https:\/\/laquijadadellobo.com\/en\/wp-json\/wp\/v2\/comments?post=128"}],"version-history":[{"count":13,"href":"https:\/\/laquijadadellobo.com\/en\/wp-json\/wp\/v2\/pages\/128\/revisions"}],"predecessor-version":[{"id":2694,"href":"https:\/\/laquijadadellobo.com\/en\/wp-json\/wp\/v2\/pages\/128\/revisions\/2694"}],"wp:attachment":[{"href":"https:\/\/laquijadadellobo.com\/en\/wp-json\/wp\/v2\/media?parent=128"}],"curies":[{"name":"wp","href":"https:\/\/api.w.org\/{rel}","templated":true}]}}