{"id":1442,"date":"2024-01-09T16:59:31","date_gmt":"2024-01-09T15:59:31","guid":{"rendered":"https:\/\/laquijadadellobo.com.mialias.net\/?page_id=1442"},"modified":"2024-11-06T11:48:32","modified_gmt":"2024-11-06T10:48:32","slug":"politica-de-privacidad","status":"publish","type":"page","link":"https:\/\/laquijadadellobo.com\/en\/politica-de-privacidad\/","title":{"rendered":"politica de privacidad"},"content":{"rendered":"<p>[et_pb_section fb_built=\u00bb1&#8243; admin_label=\u00bbHeader\u00bb _builder_version=\u00bb4.21.0&#8243; _module_preset=\u00bbdefault\u00bb background_color=\u00bbgcid-e787f6e4-87be-4325-83ae-4380ef468485&#8243; custom_padding=\u00bb30px||0px||false|false\u00bb collapsed=\u00bbon\u00bb global_colors_info=\u00bb{%22gcid-e787f6e4-87be-4325-83ae-4380ef468485%22:%91%22background_color%22%93}\u00bb][et_pb_row _builder_version=\u00bb4.21.0&#8243; _module_preset=\u00bbdefault\u00bb max_width=\u00bb800px\u00bb global_colors_info=\u00bb{}\u00bb][et_pb_column type=\u00bb4_4&#8243; _builder_version=\u00bb4.21.0&#8243; _module_preset=\u00bbdefault\u00bb global_colors_info=\u00bb{}\u00bb][et_pb_text _builder_version=\u00bb4.23.4&#8243; _module_preset=\u00bb6578d8ce-fdd2-4834-b785-59d41c33771a\u00bb header_font=\u00bbPlayfair Display|500|||||||\u00bb header_font_size=\u00bb43px\u00bb text_orientation=\u00bbcenter\u00bb locked=\u00bboff\u00bb global_colors_info=\u00bb{}\u00bb]<\/p>\n<h1><strong>Pol\u00edtica de Privacidad<\/strong><\/h1>\n<p>[\/et_pb_text][\/et_pb_column][\/et_pb_row][\/et_pb_section][et_pb_section fb_built=\u00bb1&#8243; admin_label=\u00bbClasses\u00bb _builder_version=\u00bb4.21.0&#8243; _module_preset=\u00bbdefault\u00bb background_color=\u00bb#fcf9f6&#8243; collapsed=\u00bbon\u00bb global_colors_info=\u00bb{}\u00bb][et_pb_row custom_padding_last_edited=\u00bbon|tablet\u00bb _builder_version=\u00bb4.25.2&#8243; _module_preset=\u00bbdefault\u00bb custom_padding=\u00bb0px|||||\u00bb custom_padding_tablet=\u00bb||0px||false|false\u00bb custom_padding_phone=\u00bb||0px||false|false\u00bb locked=\u00bboff\u00bb global_colors_info=\u00bb{}\u00bb][et_pb_column type=\u00bb4_4&#8243; _builder_version=\u00bb4.21.0&#8243; _module_preset=\u00bbdefault\u00bb global_colors_info=\u00bb{}\u00bb][et_pb_text _builder_version=\u00bb4.24.0&#8243; _module_preset=\u00bb759ac093-9b1f-4776-b9c7-bcaf24b831b8&#8243; text_text_color=\u00bb#000000&#8243; text_line_height=\u00bb1.7em\u00bb header_5_font=\u00bbGeorgia|600|||||||\u00bb header_5_text_color=\u00bb#2a2a2a\u00bb header_5_font_size=\u00bb20px\u00bb header_5_line_height=\u00bb1.4em\u00bb custom_margin=\u00bb||0px||false|false\u00bb header_5_font_size_tablet=\u00bb16px\u00bb header_5_font_size_phone=\u00bb14px\u00bb header_5_font_size_last_edited=\u00bbon|phone\u00bb global_colors_info=\u00bb{}\u00bb]<\/p>\n<ol>\n<li><b><\/b><b>INFORMACI\u00d3N AL USUARIO<\/b><\/li>\n<\/ol>\n<p><b>LA QUIJADA DEL LOBO SL<\/b><b>,<\/b><span style=\"font-weight: 400;\"> en adelante <\/span><b>LA QUIJADA DEL LOBO<\/b><span style=\"font-weight: 400;\">, como Responsable del Tratamiento, le informa que, seg\u00fan lo dispuesto en el Reglamento (UE) 2016\/679, del 27 de abril, (RGPD) y en la L.O. 3\/2018, del 5 de diciembre, de protecci\u00f3n de datos y garant\u00eda de los derechos digitales (LOPDGDD), trataremos sus datos tal y como reflejamos en la presente Pol\u00edtica de Privacidad.<\/span><\/p>\n<p><span style=\"font-weight: 400;\">En esta Pol\u00edtica de Privacidad describimos c\u00f3mo recogemos sus datos personales y por qu\u00e9 los recogemos, qu\u00e9 hacemos con ellos, con qui\u00e9n los compartimos, c\u00f3mo los protegemos y sus opciones en cuanto al tratamiento de sus datos personales.<\/span><\/p>\n<p><span style=\"font-weight: 400;\">Esta Pol\u00edtica se aplica al tratamiento de sus datos personales recogidos por la empresa para la prestaci\u00f3n de sus servicios. Si acepta las medidas de esta Pol\u00edtica, acepta que tratemos sus datos personales como se define en esta Pol\u00edtica.<\/span><\/p>\n<h2><\/h2>\n<ol start=\"2\">\n<li><b> CONTACTO<\/b><\/li>\n<\/ol>\n<p><span style=\"font-weight: 400;\">Denominaci\u00f3n social: LA QUIJADA DEL LOBO SL<\/span><\/p>\n<p><span style=\"font-weight: 400;\">Nombre comercial: LA QUIJADA DEL LOBO CASA RURAL<\/span><\/p>\n<p><span style=\"font-weight: 400;\">CIF: B09860636<\/span><\/p>\n<p><span style=\"font-weight: 400;\">Domicilio: POL\u00cdGONO 16, PARCELA 39, LOS MOLINOS, CP 06900, LLERENA, BADAJOZ<\/span><\/p>\n<p><span style=\"font-weight: 400;\">e-mail: LAQUIJADADELLOBO@GMAIL.COM<\/span><\/p>\n<ol start=\"3\">\n<li><b> PRINCIPIOS CLAVE<\/b><\/li>\n<\/ol>\n<p><span style=\"font-weight: 400;\">Siempre hemos estado comprometidos con prestar nuestros servicios con el m\u00e1s alto grado de calidad, lo que incluye tratar sus datos con seguridad y transparencia. Nuestros principios son:<\/span><\/p>\n<ul>\n<li style=\"font-weight: 400;\" aria-level=\"1\"><b>Legalidad<\/b><span style=\"font-weight: 400;\">: S\u00f3lo recopilaremos sus Datos personales para fines espec\u00edficos, expl\u00edcitos y leg\u00edtimos.<\/span><\/li>\n<li style=\"font-weight: 400;\" aria-level=\"1\"><b>Minimizaci\u00f3n de datos<\/b><span style=\"font-weight: 400;\">: Limitamos la recogida de datos de car\u00e1cter personal a lo que es estrictamente relevante y necesario para los fines para los que se han recopilado.<\/span><\/li>\n<li style=\"font-weight: 400;\" aria-level=\"1\"><b>Limitaci\u00f3n de la Finalidad<\/b><span style=\"font-weight: 400;\">: S\u00f3lo recogeremos sus datos personales para los fines declarados y s\u00f3lo seg\u00fan sus deseos.<\/span><\/li>\n<li style=\"font-weight: 400;\" aria-level=\"1\"><b>Precisi\u00f3n<\/b><span style=\"font-weight: 400;\">: Mantendremos sus datos personales exactos y actualizados.<\/span><\/li>\n<li style=\"font-weight: 400;\" aria-level=\"1\"><b>Seguridad de los Datos<\/b><span style=\"font-weight: 400;\">: Aplicamos las medidas t\u00e9cnicas y organizativas adecuadas y proporcionales a los riesgos para garantizar que sus datos no sufran da\u00f1os, tales como divulgaci\u00f3n o acceso no autorizado, la destrucci\u00f3n accidental o il\u00edcita o su p\u00e9rdida accidental o alteraci\u00f3n y cualquier otra forma de tratamiento il\u00edcito.<\/span><\/li>\n<li style=\"font-weight: 400;\" aria-level=\"1\"><b>Acceso y Rectificaci\u00f3n<\/b><span style=\"font-weight: 400;\">: Disponemos de medios para que acceda o rectifique sus datos cuando lo considere oportuno.<\/span><\/li>\n<li style=\"font-weight: 400;\" aria-level=\"1\"><b>Conservaci\u00f3n<\/b><span style=\"font-weight: 400;\">: Conservamos sus datos personales de manera legal y apropiada y s\u00f3lo mientras es necesario para los fines para los que se han recopilado.<\/span><\/li>\n<li style=\"font-weight: 400;\" aria-level=\"1\"><b>Las transferencias internacionales<\/b><span style=\"font-weight: 400;\">: cuando se d\u00e9 el caso de que sus datos vayan a ser transferidos fuera de la UE\/EEE se proteger\u00e1n adecuadamente.<\/span><\/li>\n<li style=\"font-weight: 400;\" aria-level=\"1\"><b>Terceros<\/b><span style=\"font-weight: 400;\">: El acceso y transferencia de datos personales a terceros se llevan a cabo de acuerdo con las leyes y reglamentos aplicables y con las garant\u00edas contractuales adecuadas.<\/span><\/li>\n<li style=\"font-weight: 400;\" aria-level=\"1\"><b>Marketing Directo y cookies<\/b><span style=\"font-weight: 400;\">: Cumplimos con la legislaci\u00f3n aplicable en materia de publicidad y cookies.<\/span><\/li>\n<\/ul>\n<ol start=\"4\">\n<li><b> RECOGIDA Y TRATAMIENTO DE SUS DATOS PERSONALES<\/b><\/li>\n<\/ol>\n<p><span style=\"font-weight: 400;\">Las tipos de datos que se pueden solicitar y tratar son:<\/span><\/p>\n<ul>\n<li style=\"font-weight: 400;\" aria-level=\"1\"><span style=\"font-weight: 400;\">Datos de car\u00e1cter identificativo.<\/span><\/li>\n<\/ul>\n<p><span style=\"font-weight: 400;\">Tambi\u00e9n recogemos de forma autom\u00e1tica datos sobre su visita a nuestro sitio web seg\u00fan se describe en la pol\u00edtica de cookies.<\/span><\/p>\n<p><span style=\"font-weight: 400;\">Siempre que solicitamos sus Datos personales, le informaremos con claridad de qu\u00e9 datos personales recogemos y con qu\u00e9 fin. En general, recogemos y tratamos sus datos personales con el prop\u00f3sito de:<\/span><\/p>\n<ul>\n<li style=\"font-weight: 400;\" aria-level=\"1\"><span style=\"font-weight: 400;\">Proporcionar informaci\u00f3n, servicios, productos, informaci\u00f3n relevante y novedades en el sector.<\/span><\/li>\n<li style=\"font-weight: 400;\" aria-level=\"1\"><span style=\"font-weight: 400;\">Env\u00edo de comunicaciones.<\/span><\/li>\n<\/ul>\n<ol start=\"5\">\n<li><b> LEGITIMIDAD<\/b><\/li>\n<\/ol>\n<p><span style=\"font-weight: 400;\">De acuerdo con la normativa de protecci\u00f3n de datos aplicable, sus datos personales podr\u00e1n tratarse siempre que:<\/span><\/p>\n<ul>\n<li style=\"font-weight: 400;\" aria-level=\"1\"><span style=\"font-weight: 400;\">Nos ha dado su consentimiento a los efectos del tratamiento. Por supuesto podr\u00e1 retirar su consentimiento en cualquier momento.<\/span><\/li>\n<li style=\"font-weight: 400;\" aria-level=\"1\"><span style=\"font-weight: 400;\">Por requerimiento legal.<\/span><\/li>\n<li style=\"font-weight: 400;\" aria-level=\"1\"><span style=\"font-weight: 400;\">Por existir un inter\u00e9s leg\u00edtimo que no se vea menoscabado por sus derechos de privacidad, como por ejemplo el env\u00edo de informaci\u00f3n comercial bien por suscripci\u00f3n a nuestra newsletter o por su condici\u00f3n de cliente.<\/span><\/li>\n<li style=\"font-weight: 400;\" aria-level=\"1\"><span style=\"font-weight: 400;\">Por ser necesaria para la prestaci\u00f3n de alguno de nuestros servicios mediante relaci\u00f3n contractual entre usted y nosotros.<\/span><\/li>\n<\/ul>\n<ol start=\"6\">\n<li><b> COMUNICACI\u00d3N DE DATOS PERSONALES<\/b><\/li>\n<\/ol>\n<p><span style=\"font-weight: 400;\">Los datos pueden ser comunicados a empresas relacionadas con<\/span> <b>LA QUIJADA DEL LOBO SL <\/b><span style=\"font-weight: 400;\">para la prestaci\u00f3n de los diversos servicios en calidad de Encargados del Tratamiento. La empresa no realizar\u00e1 ninguna cesi\u00f3n, salvo por obligaci\u00f3n legal.<\/span><\/p>\n<ol start=\"7\">\n<li><b> SUS DERECHOS<\/b><\/li>\n<\/ol>\n<p><span style=\"font-weight: 400;\">En relaci\u00f3n con la recogida y tratamiento de sus datos personales, puede ponerse en contacto con nosotros en cualquier momento para:<\/span><\/p>\n<ul>\n<li style=\"font-weight: 400;\" aria-level=\"1\"><span style=\"font-weight: 400;\">Acceder a sus datos personales y a cualquier otra informaci\u00f3n indicada en el Art\u00edculo 15.1 del RGPD.<\/span><\/li>\n<li style=\"font-weight: 400;\" aria-level=\"1\"><span style=\"font-weight: 400;\">Rectificar sus datos personales que sean inexactos o est\u00e9n incompletos de acuerdo con el Art\u00edculo 16 del RGPD.<\/span><\/li>\n<li style=\"font-weight: 400;\" aria-level=\"1\"><span style=\"font-weight: 400;\">Suprimir sus datos personales de acuerdo con el Art\u00edculo 17 del RGPD.<\/span><\/li>\n<li style=\"font-weight: 400;\" aria-level=\"1\"><span style=\"font-weight: 400;\">Limitar el tratamiento de sus datos personales de acuerdo con el Art\u00edculo 18 del RGPD.<\/span><\/li>\n<li style=\"font-weight: 400;\" aria-level=\"1\"><span style=\"font-weight: 400;\">Solicitar la portabilidad de sus datos de acuerdo con el Art\u00edculo 20 del <\/span><a href=\"https:\/\/presencialismo.com\/\"><span style=\"font-weight: 400;\">RGPD<\/span><\/a><span style=\"font-weight: 400;\">.<\/span><\/li>\n<li style=\"font-weight: 400;\" aria-level=\"1\"><span style=\"font-weight: 400;\">Oponerse al tratamiento de sus datos personales de acuerdo con el art\u00edculo 21 del RGPD.<\/span><\/li>\n<\/ul>\n<p><span style=\"font-weight: 400;\">Si ha otorgado su consentimiento para alguna finalidad concreta, tiene derecho a retirar el consentimiento otorgado en cualquier momento, sin que ello afecte a la licitud del tratamiento basado en el consentimiento previo a su retirada <\/span><a href=\"https:\/\/presencialismo.com\/\"><span style=\"font-weight: 400;\">rrhh<\/span><\/a><span style=\"font-weight: 400;\">.<\/span><\/p>\n<p><span style=\"font-weight: 400;\">Puede ejercer estos derechos enviando comunicaci\u00f3n, motivada y acreditada, a <\/span><b>laquijadadellobo@gmail.com<\/b><\/p>\n<ol start=\"8\">\n<li><b> INFORMACI\u00d3N LEGAL<\/b><\/li>\n<\/ol>\n<p><span style=\"font-weight: 400;\">Los requisitos de esta Pol\u00edtica complementan, y no reemplazan, cualquier otro requisito existente bajo la ley de protecci\u00f3n de datos aplicable, que ser\u00e1 la que prevalezca en cualquier caso.<\/span><\/p>\n<p><span style=\"font-weight: 400;\">Esta Pol\u00edtica est\u00e1 sujeta a revisiones peri\u00f3dicas y la empresa puede modificarla en cualquier momento. Cuando esto ocurra, le avisaremos de cualquier cambio y le pediremos que vuelva a leer la versi\u00f3n m\u00e1s reciente de nuestra Pol\u00edtica y que confirme su aceptaci\u00f3n.<\/span><\/p>\n<p><span style=\"font-weight: 400;\"><\/span><\/p>\n<p>[\/et_pb_text][\/et_pb_column][\/et_pb_row][\/et_pb_section]<\/p>\n","protected":false},"excerpt":{"rendered":"<p>Pol\u00edtica de Privacidad INFORMACI\u00d3N AL USUARIO LA QUIJADA DEL LOBO SL, en adelante LA QUIJADA DEL LOBO, como Responsable del Tratamiento, le informa que, seg\u00fan lo dispuesto en el Reglamento (UE) 2016\/679, del 27 de abril, (RGPD) y en la L.O. 3\/2018, del 5 de diciembre, de protecci\u00f3n de datos y garant\u00eda de los derechos [&hellip;]<\/p>\n","protected":false},"author":2,"featured_media":0,"parent":0,"menu_order":0,"comment_status":"closed","ping_status":"closed","template":"","meta":{"_acf_changed":false,"_et_pb_use_builder":"on","_et_pb_old_content":"<p>[et_pb_section fb_built=\"1\" admin_label=\"Header\" _builder_version=\"4.21.0\" _module_preset=\"default\" background_color=\"gcid-e787f6e4-87be-4325-83ae-4380ef468485\" custom_padding=\"||0px||false|false\" collapsed=\"on\" global_colors_info=\"{%22gcid-e787f6e4-87be-4325-83ae-4380ef468485%22:%91%22background_color%22%93}\"][et_pb_row _builder_version=\"4.21.0\" _module_preset=\"default\" max_width=\"800px\" global_colors_info=\"{}\"][et_pb_column type=\"4_4\" _builder_version=\"4.21.0\" _module_preset=\"default\" global_colors_info=\"{}\"][et_pb_text _builder_version=\"4.23.4\" _module_preset=\"6578d8ce-fdd2-4834-b785-59d41c33771a\" header_font=\"Playfair Display|500|||||||\" header_text_color=\"gcid-4a53c4f2-10a4-4df5-aae5-66892dee9e02\" header_font_size=\"43px\" text_orientation=\"center\" hover_enabled=\"0\" locked=\"off\" global_colors_info=\"{}\" sticky_enabled=\"0\"]<\/p><h1><strong><span class=\"wixui-rich-text__text\">\u00a0Aviso Legal<\/span><\/strong><\/h1><p>[\/et_pb_text][et_pb_text _builder_version=\"4.23.4\" _module_preset=\"fab75eca-7985-4b06-a195-97ce200208bf\" text_orientation=\"center\" hover_enabled=\"0\" locked=\"off\" global_colors_info=\"{}\" text_text_color=\"#000000\" sticky_enabled=\"0\"]<\/p><p><strong><em>LEY DE LOS SERVICIOS DE LA SOCIEDAD DE LA INFORMACI\u00d3N (LSSI)<\/em><\/strong><\/p><p>[\/et_pb_text][\/et_pb_column][\/et_pb_row][\/et_pb_section][et_pb_section fb_built=\"1\" admin_label=\"Classes\" _builder_version=\"4.21.0\" _module_preset=\"default\" background_color=\"#fcf9f6\" collapsed=\"on\" global_colors_info=\"{}\"][et_pb_row custom_padding_last_edited=\"on|tablet\" _builder_version=\"4.21.0\" _module_preset=\"default\" custom_padding_tablet=\"||0px||false|false\" custom_padding_phone=\"||0px||false|false\" locked=\"off\" global_colors_info=\"{}\" custom_padding=\"0px|||||\"][et_pb_column type=\"4_4\" _builder_version=\"4.21.0\" _module_preset=\"default\" global_colors_info=\"{}\"][et_pb_text _builder_version=\"4.23.4\" _module_preset=\"759ac093-9b1f-4776-b9c7-bcaf24b831b8\" text_line_height=\"1.7em\" header_5_font=\"Georgia|600|||||||\" header_5_text_color=\"#2a2a2a\" header_5_font_size=\"20px\" header_5_line_height=\"1.4em\" custom_margin=\"||0px||false|false\" hover_enabled=\"0\" header_5_font_size_tablet=\"16px\" header_5_font_size_phone=\"14px\" header_5_font_size_last_edited=\"on|phone\" global_colors_info=\"{}\" sticky_enabled=\"0\" text_text_color=\"#000000\"]<\/p><p><b>LA QUIJADA DEL LOBO SL<\/b><span style=\"font-weight: 400;\"> responsable del sitio web, en adelante <\/span><b>LA QUIJADA DEL LOBO,<\/b><span style=\"font-weight: 400;\">pone a disposici\u00f3n de los usuarios el presente documento, con el que pretende dar cumplimiento a las obligaciones dispuestas en la Ley 34\/2002, de 11 de julio, de Servicios de la Sociedad de la Informaci\u00f3n y del Comercio Electr\u00f3nico (LSSICE), as\u00ed como informar a todos los usuarios del sitio web respecto a cu\u00e1les son las condiciones de uso.<\/span><\/p><p><span style=\"font-weight: 400;\">Toda persona que acceda a este sitio web asume el papel de usuario, comprometi\u00e9ndose a la observancia y cumplimiento riguroso de las disposiciones aqu\u00ed dispuestas, as\u00ed como a cualquier otra disposici\u00f3n legal que fuera de aplicaci\u00f3n.\u00a0<\/span><\/p><p><b>LA QUIJADA DEL LOBO,<\/b><span style=\"font-weight: 400;\">Se reserva el derecho de modificar cualquier tipo de informaci\u00f3n que pudiera aparecer en el sitio web, sin que exista obligaci\u00f3n de preavisar o poner en conocimiento de los usuarios dichas obligaciones, entendi\u00e9ndose como suficiente con la publicaci\u00f3n en el sitio web de <\/span><b>laquijadadellobo.com<\/b><\/p><ol><li><b> DATOS IDENTIFICATIVOS<\/b><\/li><\/ol><p><span style=\"font-weight: 400;\">Denominaci\u00f3n social:\u00a0 <\/span><b>LA QUIJADA DEL LOBO SL<\/b><\/p><p><span style=\"font-weight: 400;\">Nombre comercial: <\/span><b>LA QUIJADA DEL LOBO CASA RURAL<\/b><\/p><p><span style=\"font-weight: 400;\">Domicilio:<\/span> <b>POL\u00cdGONO 16, PARCELA 39, LOS MOLINOS, CP 06900, LLERENA, BADAJOZ<\/b><\/p><p><span style=\"font-weight: 400;\">e-mail: <\/span><b>LAQUIJADADELLOBO@GMAIL.COM<\/b><\/p><ol start=\"2\"><li><b> OBJETO<\/b><\/li><\/ol><p><span style=\"font-weight: 400;\">A trav\u00e9s del Sitio Web, les ofrecemos a los Usuarios la posibilidad de acceder a la informaci\u00f3n sobre nuestros servicios.<\/span><\/p><ol start=\"3\"><li><b> PRIVACIDAD Y TRATAMIENTO DE DATOS<\/b><\/li><\/ol><p><span style=\"font-weight: 400;\">Cuando para el acceso a determinados contenidos o servicios sea necesario facilitar datos de car\u00e1cter personal, los Usuarios garantizar\u00e1n su veracidad, exactitud, autenticidad y vigencia. La empresa dar\u00e1 a dichos datos el tratamiento automatizado que corresponda en funci\u00f3n de su naturaleza o finalidad, en los t\u00e9rminos indicados en la secci\u00f3n de Pol\u00edtica de Privacidad.<\/span><\/p><p><span style=\"font-weight: 400;\">Asimismo queda prohibido suprimir, eludir y\/o manipular el \u00abcopyright\u00bb as\u00ed como los dispositivos t\u00e9cnicos de protecci\u00f3n, o cualesquiera mecanismos de informaci\u00f3n que pudieran contener los contenidos. El Usuario de este Espacio Web se compromete a respetar los derechos enunciados y a evitar cualquier actuaci\u00f3n que pudiera perjudicarlos, reserv\u00e1ndose en todo caso la empresa el ejercicio de cuantos medios o acciones legales le correspondan en defensa de sus leg\u00edtimos derechos de propiedad intelectual e industrial.<\/span><\/p><p><span style=\"font-weight: 400;\">La empresa no puede controlar la informaci\u00f3n, contenidos, productos o servicios facilitados por otros Espacios web que tengan establecidos enlaces con destino al Espacio Web.<\/span><\/p><ol start=\"4\"><li><b> PROTECCI\u00d3N DE DATOS<\/b><\/li><\/ol><p><span style=\"font-weight: 400;\">Para utilizar algunos de los Servicios, el Usuario debe proporcionar previamente ciertos datos de car\u00e1cter personal. La empresa tratar\u00e1 autom\u00e1ticamente estos datos y aplicar\u00e1 las correspondientes medidas de seguridad, todo ello en cumplimiento del RGPD, LOPDGDD y LSSI. El Usuario puede acceder a la pol\u00edtica seguida en el tratamiento de los datos personales, as\u00ed como el establecimiento de las finalidades previamente establecidas, en las condiciones definidas en la Pol\u00edtica de Privacidad.<\/span><\/p><ol start=\"5\"><li><b> COOKIES<\/b><\/li><\/ol><p><span style=\"font-weight: 400;\">La empresa se reserva el derecho de utilizar la tecnolog\u00eda \u201ccookie\u201d en el Espacio Web, a fin de reconocerlo como Usuario frecuente y personalizar el uso que realice del Espacio Web mediante la preselecci\u00f3n de su idioma, o contenidos m\u00e1s deseados o espec\u00edficos.<\/span><\/p><p><span style=\"font-weight: 400;\">Las cookies recopilan la direcci\u00f3n <\/span><a href=\"https:\/\/ceporros.com\/\"><span style=\"font-weight: 400;\">IP<\/span><\/a><span style=\"font-weight: 400;\"> del usuario siendo <\/span><a href=\"https:\/\/presencialismo.com\/\"><span style=\"font-weight: 400;\">Google<\/span><\/a><span style=\"font-weight: 400;\"> el responsable del tratamiento de esta informaci\u00f3n.<\/span><\/p><p><span style=\"font-weight: 400;\">Las cookies son ficheros enviados a un navegador, por medio de un servidor Web, para registrar la navegaci\u00f3n del Usuario en el Espacio Web, cuando el Usuario permita su recepci\u00f3n. Si usted lo desea puede configurar su navegador para ser avisado en pantalla de la recepci\u00f3n de cookies y para impedir la instalaci\u00f3n de cookies en su disco duro. Por favor consulte las instrucciones y manuales de su navegador para ampliar esta informaci\u00f3n.<\/span><\/p><p><span style=\"font-weight: 400;\">Gracias a las cookies, resulta posible que se pueda reconocer el navegador del ordenador utilizado por el Usuario con la finalidad de facilitar contenidos y ofrecer las preferencias de navegaci\u00f3n u publicitarias que el Usuario, a los perfiles demogr\u00e1ficos de los Usuarios as\u00ed como para medir las visitas y par\u00e1metros del tr\u00e1fico, controlar el progreso y n\u00famero de entradas.<\/span><\/p><ol start=\"6\"><li><b> DECLARACIONES Y GARANT\u00cdAS<\/b><\/li><\/ol><p><span style=\"font-weight: 400;\">En general, los contenidos y servicios ofrecidos en el Espacio Web tienen car\u00e1cter meramente informativo. Por consiguiente, al ofrecerlos, no se otorga garant\u00eda ni declaraci\u00f3n alguna en relaci\u00f3n con los contenidos y servicios ofrecidos en el Espacio web, incluyendo, a t\u00edtulo enunciativo, garant\u00edas de licitud, fiabilidad, utilidad, veracidad, exactitud, o comerciabilidad, salvo en la medida en que por ley no puedan excluirse tales declaraciones y garant\u00edas.<\/span><\/p><ol start=\"7\"><li><b> FUERZA MAYOR<\/b><\/li><\/ol><p><span style=\"font-weight: 400;\">La empresa no ser\u00e1 responsable en todo en caso de imposibilidad de prestar servicio, si \u00e9sta se debe a interrupciones prolongadas del suministro el\u00e9ctrico, l\u00edneas de telecomunicaciones, conflictos sociales, huelgas, rebeli\u00f3n, explosiones, inundaciones, actos y omisiones del Gobierno, y en general todos los supuestos de fuerza mayor o de caso fortuito.<\/span><\/p><ol start=\"8\"><li><b> RESOLUCI\u00d3N DE CONTROVERSIAS. LEY APLICABLE Y JURISDICCI\u00d3N<\/b><\/li><\/ol><p><span style=\"font-weight: 400;\">Las presentes Condiciones Generales de Uso, as\u00ed como el uso del Espacio Web, se regir\u00e1n por la legislaci\u00f3n espa\u00f1ola. Para la resoluci\u00f3n de cualquier controversia las partes se someter\u00e1n a los Juzgados y Tribunales del domicilio social del Responsable del sitio web.<\/span><\/p><p><span style=\"font-weight: 400;\">En el supuesto de que cualquier estipulaci\u00f3n de las presentes Condiciones Generales de Uso resultara inexigible o nula en virtud de la legislaci\u00f3n aplicable o como consecuencia de una resoluci\u00f3n judicial o administrativa, dicha inexigibilidad o nulidad no har\u00e1 que las presentes Condiciones Generales de Uso resulten inexigibles o nulas en su conjunto. En dichos casos, la empresa proceder\u00e1 a la modificaci\u00f3n o sustituci\u00f3n de dicha estipulaci\u00f3n por otra que sea v\u00e1lida y exigible y que, en la medida de lo posible, consiga el objetivo y pretensi\u00f3n reflejados en la estipulaci\u00f3n original.<\/span><\/p><p>[\/et_pb_text][\/et_pb_column][\/et_pb_row][\/et_pb_section][et_pb_section fb_built=\"1\" admin_label=\"Footer\" _builder_version=\"4.21.0\" _module_preset=\"default\" use_background_color_gradient=\"on\" background_color_gradient_stops=\"gcid-9735c811-14cd-4d63-8358-8506147896d3 30%|rgba(52,33,7,0.85) 100%\" background_color_gradient_overlays_image=\"on\" background_image=\"https:\/\/laquijadadellobo.com\/wp-content\/uploads\/2024\/01\/horse-riding-8.jpg\" custom_padding=\"19px||0px||false|false\" global_module=\"90\" saved_tabs=\"all\" locked=\"off\" collapsed=\"on\" global_colors_info=\"{%22gcid-9735c811-14cd-4d63-8358-8506147896d3%22:%91%22background_color_gradient_stops%22%93}\"][et_pb_row column_structure=\"1_3,1_3,1_3\" _builder_version=\"4.23.4\" _module_preset=\"default\" module_alignment=\"center\" custom_margin=\"|auto|-1px|auto|false|false\" global_colors_info=\"{}\"][et_pb_column type=\"1_3\" _builder_version=\"4.21.0\" _module_preset=\"default\" global_colors_info=\"{}\"][et_pb_text _builder_version=\"4.23.4\" _module_preset=\"f929442a-b435-45f7-b8d3-634bd5241331\" header_6_font=\"Playfair Display|600|||||||\" header_6_text_color=\"#B5A289\" header_6_font_size=\"21px\" global_colors_info=\"{}\"]<\/p><h6>Enlaces \u00datiles<\/h6><p>[\/et_pb_text][et_pb_text _builder_version=\"4.23.4\" _module_preset=\"e697ff11-aa64-4498-b815-0bd95cda2e2d\" text_text_color=\"#FFFFFF\" link_text_color=\"#FFFFFF\" locked=\"off\" global_colors_info=\"{}\"]<\/p><p>Pol\u00edtica de Privacidad<\/p><p>[\/et_pb_text][et_pb_text _builder_version=\"4.23.4\" _module_preset=\"e697ff11-aa64-4498-b815-0bd95cda2e2d\" text_text_color=\"#FFFFFF\" link_text_color=\"#FFFFFF\" locked=\"off\" global_colors_info=\"{}\"]<\/p><p>Aviso Legal<\/p><p>[\/et_pb_text][et_pb_text _builder_version=\"4.23.4\" _module_preset=\"e697ff11-aa64-4498-b815-0bd95cda2e2d\" text_text_color=\"#FFFFFF\" link_text_color=\"#FFFFFF\" locked=\"off\" global_colors_info=\"{}\"]<\/p><p>Pol\u00edtica de Cookies<\/p><p>[\/et_pb_text][\/et_pb_column][et_pb_column type=\"1_3\" _builder_version=\"4.21.0\" _module_preset=\"default\" global_colors_info=\"{}\"][et_pb_text _builder_version=\"4.23.4\" _module_preset=\"f929442a-b435-45f7-b8d3-634bd5241331\" header_6_font=\"Playfair Display|600|||||||\" header_6_text_color=\"#B5A289\" header_6_font_size=\"21px\" global_colors_info=\"{}\"]<\/p><h6 style=\"text-align: center;\">Contacto<\/h6><p>[\/et_pb_text][et_pb_text _builder_version=\"4.23.4\" _module_preset=\"e697ff11-aa64-4498-b815-0bd95cda2e2d\" text_text_color=\"#FFFFFF\" link_text_color=\"#FFFFFF\" custom_margin=\"||0px||false|false\" locked=\"off\" global_colors_info=\"{}\"]<\/p><p class=\"font_9 wixui-rich-text__text\" style=\"text-align: center;\"><span class=\"wixui-rich-text__text\">Tel. <em><strong>+34 676 953 262<\/strong><\/em><\/span><span class=\"wixui-rich-text__text\">\u00a0 | <em><strong>+34 695 415 370<\/strong><\/em><\/span><\/p><p>[\/et_pb_text][et_pb_text _builder_version=\"4.23.4\" _module_preset=\"e697ff11-aa64-4498-b815-0bd95cda2e2d\" text_text_color=\"#FFFFFF\" link_text_color=\"#FFFFFF\" locked=\"off\" global_colors_info=\"{}\"]<\/p><p style=\"text-align: center;\">Email:\u00a0<em><strong><span class=\"wixui-rich-text__text\"><a class=\"wixui-rich-text__text\" href=\"https:\/\/laquijadadellobo.com\/contacto\" target=\"_self\" rel=\"noopener\">laquijadadellobo@gmail.com<\/a><\/span><\/strong><\/em><\/p><p>[\/et_pb_text][et_pb_text _builder_version=\"4.23.4\" _module_preset=\"e697ff11-aa64-4498-b815-0bd95cda2e2d\" text_text_color=\"#FFFFFF\" link_text_color=\"#FFFFFF\" locked=\"off\" global_colors_info=\"{}\"]<\/p><p style=\"text-align: center;\"><span class=\"wixui-rich-text__text\"><span class=\"color_8 wixui-rich-text__text\"><em><strong>Ribera de los Molinos, Acceso 8, <\/strong><\/em><br \/><em><strong>Parcela 88.<\/strong><\/em><br class=\"wixui-rich-text__text\" \/>06900, Llerena, Badajoz<br \/><\/span><\/span><span class=\"wixui-rich-text__text\"><span class=\"color_8 wixui-rich-text__text\">TR-BA-0021<\/span><\/span><\/p><p>[\/et_pb_text][\/et_pb_column][et_pb_column type=\"1_3\" _builder_version=\"4.21.0\" _module_preset=\"default\" global_colors_info=\"{}\"][et_pb_text _builder_version=\"4.23.4\" _module_preset=\"f929442a-b435-45f7-b8d3-634bd5241331\" header_6_font=\"Playfair Display|600|||||||\" header_6_text_color=\"#B5A289\" header_6_font_size=\"21px\" global_colors_info=\"{}\"]<\/p><h6 style=\"text-align: right;\">S\u00edguenos<\/h6><p>[\/et_pb_text][et_pb_social_media_follow _builder_version=\"4.23.4\" _module_preset=\"default\" text_orientation=\"right\" global_colors_info=\"{}\"][et_pb_social_media_follow_network social_network=\"facebook\" _builder_version=\"4.21.0\" _module_preset=\"default\" background_color=\"RGBA(255,255,255,0)\" background_enable_color=\"on\" custom_padding=\"4px|4px|4px|4px|true|true\" border_radii=\"on|100px|100px|100px|100px\" border_width_all=\"1px\" border_color_all=\"#FFFFFF\" global_colors_info=\"{}\" follow_button=\"off\" url_new_window=\"on\"]facebook[\/et_pb_social_media_follow_network][et_pb_social_media_follow_network social_network=\"instagram\" _builder_version=\"4.21.0\" _module_preset=\"default\" background_color=\"RGBA(255,255,255,0)\" background_enable_color=\"on\" custom_padding=\"4px|4px|4px|4px|true|true\" border_radii=\"on|100px|100px|100px|100px\" border_width_all=\"1px\" border_color_all=\"#FFFFFF\" global_colors_info=\"{}\" follow_button=\"off\" url_new_window=\"on\"]instagram[\/et_pb_social_media_follow_network][et_pb_social_media_follow_network social_network=\"youtube\" _builder_version=\"4.23.4\" _module_preset=\"default\" background_color=\"#a82400\" background_enable_color=\"on\" custom_padding=\"4px|4px|4px|4px|true|true\" border_radii=\"on|100px|100px|100px|100px\" border_width_all=\"1px\" border_color_all=\"#FFFFFF\" global_colors_info=\"{}\" follow_button=\"off\" url_new_window=\"on\"]youtube[\/et_pb_social_media_follow_network][\/et_pb_social_media_follow][et_pb_image src=\"https:\/\/laquijadadellobo.com\/wp-content\/uploads\/2024\/01\/La-Quijada-del-Lobo_logo-04.webp\" title_text=\"La Quijada del Lobo_logo-04\" align=\"right\" _builder_version=\"4.23.4\" _module_preset=\"default\" global_colors_info=\"{}\"][\/et_pb_image][\/et_pb_column][\/et_pb_row][et_pb_row _builder_version=\"4.23.4\" _module_preset=\"default\" background_color=\"#FFFFFF\" width=\"100%\" max_width=\"none\" border_color_all=\"rgba(255,255,255,0.12)\" border_width_top=\"1px\" global_colors_info=\"{}\"][et_pb_column type=\"4_4\" _builder_version=\"4.21.0\" _module_preset=\"default\" global_colors_info=\"{}\"][et_pb_image src=\"https:\/\/laquijadadellobo.com\/wp-content\/uploads\/2024\/01\/Logo-digitalizadores.png\" title_text=\"Logo-digitalizadores\" align=\"center\" _builder_version=\"4.23.4\" _module_preset=\"default\" global_colors_info=\"{}\"][\/et_pb_image][\/et_pb_column][\/et_pb_row][et_pb_row _builder_version=\"4.21.0\" _module_preset=\"default\" width=\"100%\" max_width=\"none\" border_color_all=\"rgba(255,255,255,0.12)\" border_width_top=\"1px\" global_colors_info=\"{}\"][et_pb_column type=\"4_4\" _builder_version=\"4.21.0\" _module_preset=\"default\" global_colors_info=\"{}\"][et_pb_text _builder_version=\"4.23.4\" _dynamic_attributes=\"content\" _module_preset=\"9347d9a0-34fc-4198-96aa-409bcdb80488\" text_text_color=\"#FFFFFF\" text_font_size=\"16px\" text_orientation=\"center\" text_font_size_tablet=\"15px\" text_font_size_phone=\"14px\" text_font_size_last_edited=\"on|desktop\" locked=\"off\" global_colors_info=\"{}\"]@ET-DC@eyJkeW5hbWljIjp0cnVlLCJjb250ZW50IjoiY3VycmVudF9kYXRlIiwic2V0dGluZ3MiOnsiYmVmb3JlIjoiQ29weXJpZ2h0ICZjb3B5OyAiLCJhZnRlciI6IiBieSBHZW9yZ2VvZmRqdW5nbGUiLCJkYXRlX2Zvcm1hdCI6ImN1c3RvbSIsImN1c3RvbV9kYXRlX2Zvcm1hdCI6IlkifX0=@[\/et_pb_text][\/et_pb_column][\/et_pb_row][\/et_pb_section]<\/p>","_et_gb_content_width":"","inline_featured_image":false,"_joinchat":[],"footnotes":""},"class_list":["post-1442","page","type-page","status-publish","hentry"],"acf":[],"yoast_head":"<!-- This site is optimized with the Yoast SEO plugin v27.5 - https:\/\/yoast.com\/product\/yoast-seo-wordpress\/ -->\n<title>politica de privacidad - La Quijada del Lobo<\/title>\n<meta name=\"robots\" content=\"noindex, nofollow\" \/>\n<meta property=\"og:locale\" content=\"en_GB\" \/>\n<meta property=\"og:type\" content=\"article\" \/>\n<meta property=\"og:title\" content=\"politica de privacidad - La Quijada del Lobo\" \/>\n<meta property=\"og:description\" content=\"Pol\u00edtica de Privacidad INFORMACI\u00d3N AL USUARIO LA QUIJADA DEL LOBO SL, en adelante LA QUIJADA DEL LOBO, como Responsable del Tratamiento, le informa que, seg\u00fan lo dispuesto en el Reglamento (UE) 2016\/679, del 27 de abril, (RGPD) y en la L.O. 3\/2018, del 5 de diciembre, de protecci\u00f3n de datos y garant\u00eda de los derechos [&hellip;]\" \/>\n<meta property=\"og:url\" content=\"https:\/\/laquijadadellobo.com\/en\/politica-de-privacidad\/\" \/>\n<meta property=\"og:site_name\" content=\"La Quijada del Lobo\" \/>\n<meta property=\"article:modified_time\" content=\"2024-11-06T10:48:32+00:00\" \/>\n<meta name=\"twitter:card\" content=\"summary_large_image\" \/>\n<meta name=\"twitter:label1\" content=\"Estimated reading time\" \/>\n\t<meta name=\"twitter:data1\" content=\"5 minutes\" \/>\n<script type=\"application\/ld+json\" class=\"yoast-schema-graph\">{\"@context\":\"https:\\\/\\\/schema.org\",\"@graph\":[{\"@type\":\"WebPage\",\"@id\":\"https:\\\/\\\/laquijadadellobo.com\\\/politica-de-privacidad\\\/\",\"url\":\"https:\\\/\\\/laquijadadellobo.com\\\/politica-de-privacidad\\\/\",\"name\":\"politica de privacidad - La Quijada del Lobo\",\"isPartOf\":{\"@id\":\"https:\\\/\\\/laquijadadellobo.com\\\/#website\"},\"datePublished\":\"2024-01-09T15:59:31+00:00\",\"dateModified\":\"2024-11-06T10:48:32+00:00\",\"breadcrumb\":{\"@id\":\"https:\\\/\\\/laquijadadellobo.com\\\/politica-de-privacidad\\\/#breadcrumb\"},\"inLanguage\":\"en-GB\",\"potentialAction\":[{\"@type\":\"ReadAction\",\"target\":[\"https:\\\/\\\/laquijadadellobo.com\\\/politica-de-privacidad\\\/\"]}]},{\"@type\":\"BreadcrumbList\",\"@id\":\"https:\\\/\\\/laquijadadellobo.com\\\/politica-de-privacidad\\\/#breadcrumb\",\"itemListElement\":[{\"@type\":\"ListItem\",\"position\":1,\"name\":\"Portada\",\"item\":\"https:\\\/\\\/laquijadadellobo.com\\\/\"},{\"@type\":\"ListItem\",\"position\":2,\"name\":\"politica de privacidad\"}]},{\"@type\":\"WebSite\",\"@id\":\"https:\\\/\\\/laquijadadellobo.com\\\/#website\",\"url\":\"https:\\\/\\\/laquijadadellobo.com\\\/\",\"name\":\"La Quijada del Lobo\",\"description\":\"Bienvenidos a la Quijada del Lobo, un remanso de Paz. Alojamiento tur\u00edstico en Llerena, Badajoz\",\"potentialAction\":[{\"@type\":\"SearchAction\",\"target\":{\"@type\":\"EntryPoint\",\"urlTemplate\":\"https:\\\/\\\/laquijadadellobo.com\\\/?s={search_term_string}\"},\"query-input\":{\"@type\":\"PropertyValueSpecification\",\"valueRequired\":true,\"valueName\":\"search_term_string\"}}],\"inLanguage\":\"en-GB\"}]}<\/script>\n<!-- \/ Yoast SEO plugin. -->","yoast_head_json":{"title":"politica de privacidad - La Quijada del Lobo","robots":{"index":"noindex","follow":"nofollow"},"og_locale":"en_GB","og_type":"article","og_title":"politica de privacidad - La Quijada del Lobo","og_description":"Pol\u00edtica de Privacidad INFORMACI\u00d3N AL USUARIO LA QUIJADA DEL LOBO SL, en adelante LA QUIJADA DEL LOBO, como Responsable del Tratamiento, le informa que, seg\u00fan lo dispuesto en el Reglamento (UE) 2016\/679, del 27 de abril, (RGPD) y en la L.O. 3\/2018, del 5 de diciembre, de protecci\u00f3n de datos y garant\u00eda de los derechos [&hellip;]","og_url":"https:\/\/laquijadadellobo.com\/en\/politica-de-privacidad\/","og_site_name":"La Quijada del Lobo","article_modified_time":"2024-11-06T10:48:32+00:00","twitter_card":"summary_large_image","twitter_misc":{"Estimated reading time":"5 minutes"},"schema":{"@context":"https:\/\/schema.org","@graph":[{"@type":"WebPage","@id":"https:\/\/laquijadadellobo.com\/politica-de-privacidad\/","url":"https:\/\/laquijadadellobo.com\/politica-de-privacidad\/","name":"politica de privacidad - La Quijada del Lobo","isPartOf":{"@id":"https:\/\/laquijadadellobo.com\/#website"},"datePublished":"2024-01-09T15:59:31+00:00","dateModified":"2024-11-06T10:48:32+00:00","breadcrumb":{"@id":"https:\/\/laquijadadellobo.com\/politica-de-privacidad\/#breadcrumb"},"inLanguage":"en-GB","potentialAction":[{"@type":"ReadAction","target":["https:\/\/laquijadadellobo.com\/politica-de-privacidad\/"]}]},{"@type":"BreadcrumbList","@id":"https:\/\/laquijadadellobo.com\/politica-de-privacidad\/#breadcrumb","itemListElement":[{"@type":"ListItem","position":1,"name":"Portada","item":"https:\/\/laquijadadellobo.com\/"},{"@type":"ListItem","position":2,"name":"politica de privacidad"}]},{"@type":"WebSite","@id":"https:\/\/laquijadadellobo.com\/#website","url":"https:\/\/laquijadadellobo.com\/","name":"La Quijada del Lobo","description":"Bienvenidos a la Quijada del Lobo, un remanso de Paz. Alojamiento tur\u00edstico en Llerena, Badajoz","potentialAction":[{"@type":"SearchAction","target":{"@type":"EntryPoint","urlTemplate":"https:\/\/laquijadadellobo.com\/?s={search_term_string}"},"query-input":{"@type":"PropertyValueSpecification","valueRequired":true,"valueName":"search_term_string"}}],"inLanguage":"en-GB"}]}},"_links":{"self":[{"href":"https:\/\/laquijadadellobo.com\/en\/wp-json\/wp\/v2\/pages\/1442","targetHints":{"allow":["GET"]}}],"collection":[{"href":"https:\/\/laquijadadellobo.com\/en\/wp-json\/wp\/v2\/pages"}],"about":[{"href":"https:\/\/laquijadadellobo.com\/en\/wp-json\/wp\/v2\/types\/page"}],"author":[{"embeddable":true,"href":"https:\/\/laquijadadellobo.com\/en\/wp-json\/wp\/v2\/users\/2"}],"replies":[{"embeddable":true,"href":"https:\/\/laquijadadellobo.com\/en\/wp-json\/wp\/v2\/comments?post=1442"}],"version-history":[{"count":1,"href":"https:\/\/laquijadadellobo.com\/en\/wp-json\/wp\/v2\/pages\/1442\/revisions"}],"predecessor-version":[{"id":2695,"href":"https:\/\/laquijadadellobo.com\/en\/wp-json\/wp\/v2\/pages\/1442\/revisions\/2695"}],"wp:attachment":[{"href":"https:\/\/laquijadadellobo.com\/en\/wp-json\/wp\/v2\/media?parent=1442"}],"curies":[{"name":"wp","href":"https:\/\/api.w.org\/{rel}","templated":true}]}}