{"id":1447,"date":"2024-01-09T17:21:36","date_gmt":"2024-01-09T16:21:36","guid":{"rendered":"https:\/\/laquijadadellobo.com.mialias.net\/?page_id=1447"},"modified":"2024-11-06T11:50:02","modified_gmt":"2024-11-06T10:50:02","slug":"politica-de-reserva","status":"publish","type":"page","link":"https:\/\/laquijadadellobo.com\/en\/politica-de-reserva\/","title":{"rendered":"Booking Policy"},"content":{"rendered":"<p>[et_pb_section fb_built=\u00bb1&#8243; admin_label=\u00bbHeader\u00bb _builder_version=\u00bb4.21.0&#8243; _module_preset=\u00bbdefault\u00bb background_color=\u00bbgcid-e787f6e4-87be-4325-83ae-4380ef468485&#8243; custom_padding=\u00bb30px||0px||false|false\u00bb collapsed=\u00bbon\u00bb global_colors_info=\u00bb{%22gcid-e787f6e4-87be-4325-83ae-4380ef468485%22:%91%22background_color%22%93}\u00bb][et_pb_row _builder_version=\u00bb4.21.0&#8243; _module_preset=\u00bbdefault\u00bb max_width=\u00bb800px\u00bb global_colors_info=\u00bb{}\u00bb][et_pb_column type=\u00bb4_4&#8243; _builder_version=\u00bb4.21.0&#8243; _module_preset=\u00bbdefault\u00bb global_colors_info=\u00bb{}\u00bb][et_pb_text _builder_version=\u00bb4.23.4&#8243; _module_preset=\u00bb6578d8ce-fdd2-4834-b785-59d41c33771a\u00bb header_font=\u00bbPlayfair Display|500|||||||\u00bb header_font_size=\u00bb43px\u00bb text_orientation=\u00bbcenter\u00bb locked=\u00bboff\u00bb global_colors_info=\u00bb{}\u00bb]<\/p>\n<h1><strong>Pol\u00edtica de Reserva<\/strong><\/h1>\n<p>[\/et_pb_text][\/et_pb_column][\/et_pb_row][\/et_pb_section][et_pb_section fb_built=\u00bb1&#8243; admin_label=\u00bbClasses\u00bb _builder_version=\u00bb4.23.4&#8243; _module_preset=\u00bbdefault\u00bb background_color=\u00bb#fcf9f6&#8243; collapsed=\u00bbon\u00bb global_colors_info=\u00bb{}\u00bb][et_pb_row custom_padding_last_edited=\u00bbon|tablet\u00bb _builder_version=\u00bb4.21.0&#8243; _module_preset=\u00bbdefault\u00bb custom_padding=\u00bb0px|||||\u00bb custom_padding_tablet=\u00bb||0px||false|false\u00bb custom_padding_phone=\u00bb||0px||false|false\u00bb locked=\u00bboff\u00bb global_colors_info=\u00bb{}\u00bb][et_pb_column type=\u00bb4_4&#8243; _builder_version=\u00bb4.21.0&#8243; _module_preset=\u00bbdefault\u00bb global_colors_info=\u00bb{}\u00bb][et_pb_text _builder_version=\u00bb4.24.0&#8243; _module_preset=\u00bb759ac093-9b1f-4776-b9c7-bcaf24b831b8&#8243; text_text_color=\u00bb#000000&#8243; text_line_height=\u00bb1.7em\u00bb header_5_font=\u00bbGeorgia|600|||||||\u00bb header_5_text_color=\u00bb#2a2a2a\u00bb header_5_font_size=\u00bb20px\u00bb header_5_line_height=\u00bb1.4em\u00bb custom_margin=\u00bb||0px||false|false\u00bb header_5_font_size_tablet=\u00bb16px\u00bb header_5_font_size_phone=\u00bb14px\u00bb header_5_font_size_last_edited=\u00bbon|phone\u00bb inline_fonts=\u00bbGeorgia\u00bb global_colors_info=\u00bb{}\u00bb]<\/p>\n<div class=\"hotel-policy\">\n<div class=\"check-in-out\"><span style=\"font-size: x-large;\"><em><strong><label stranslate=\"complete.details.CHECK_IN_TIME\"><span class=\"strans\">Horario de entrada<\/span><\/label> 16<span translate=\"select.time.H16\">:00 PM<\/span>\u00a0<span class=\"sep\">|<\/span>\u00a0<label stranslate=\"complete.details.CHECK_OUT_TIME\"><span class=\"strans\">Horario de Salida<\/span><\/label>\u00a0<span translate=\"select.time.H12\">12:00 PM<\/span><\/strong><\/em><\/span><em><strong><span translate=\"select.time.H12\"><\/span><\/strong><\/em><\/div>\n<div ng-bind-html=\"($ctrl.translations.policy.reservation.desc || $ctrl.terms.body).toString()\">\n<p><span style=\"font-weight: 400;\"><\/span><\/p>\n<p><span style=\"font-weight: 400;\"><\/span><\/p>\n<p><strong><span style=\"font-size: 14px;\">Se requiere un m\u00ednimo de 2 noches de reserva.\u00a0<\/span><\/strong><\/p>\n<p><span style=\"font-weight: 400;\">Despu\u00e9s de solicitar las fechas de reserva y de proceder a su pago a trav\u00e9s de este sitio web, recibir\u00e1 un correo electr\u00f3nico de confirmaci\u00f3n de su reserva.<\/span><\/p>\n<p><span style=\"font-weight: 400;\">En caso de dudas, p\u00f3ngase en contacto por tel\u00e9fono: <strong><em>+34 676 953 262 \/ +34 695 415 370.<\/em><\/strong><\/span><\/p>\n<p><span style=\"font-weight: 400;\">A tener en cuenta:<\/span><\/p>\n<p><strong>*** Est\u00e1 estrictamente prohibido realizar fiestas. En caso de incumplimiento, se proceder\u00e1 con el desalojo inmediato del hospedaje, perdiendo tanto la fianza como el importe total abonado, ***<\/strong><\/p>\n<p><span style=\"font-weight: 400;\">Queda prohibido realizar barbacoas o encender fuego en el exterior durante el per\u00edodo de Peligro Alto de Incendio, establecido por la Junta de Extremadura, normalmente desde el 1 de junio hasta el 15 de octubre.<\/span><\/p>\n<p><strong>DATOS DE PAGO<\/strong><span style=\"font-weight: 400;\"><\/span><\/p>\n<p><span style=\"font-weight: 400;\">Las reservas se confirmar\u00e1n una vez que se realice el pago del dep\u00f3sito de fianza de 500 \u20ac mediante transferencia bancaria a la cuenta de LA CAIXA, titular<\/span><strong><\/strong><\/p>\n<p><span style=\"font-weight: 400;\">LA QUIJADA DEL LOBO SL<\/span><\/p>\n<p><span style=\"font-weight: 400;\">ES5621007131900200368857<\/span><\/p>\n<p><span style=\"font-weight: 400;\">BIC: CAIXESBBXXX <\/span><span style=\"font-weight: 400;\">(en el caso de hacerla desde una cuenta extranjera).<\/span><\/p>\n<p><span style=\"font-weight: 400;\">Por favor, incluya en el asunto de la transferencia su \u00abnombre completo \/ fechas de reserva \/ n\u00famero total de personas\u00bb.<\/span><\/p>\n<p><span style=\"font-weight: 400;\">Luego, debe responder con un correo electr\u00f3nico adjuntando el comprobante de pago de la transferencia, su DNI o pasaporte vigente, y el n\u00famero total de personas a alojar.<\/span><\/p>\n<p><span style=\"font-weight: 400;\">En caso de dudas, p\u00f3ngase en contacto por tel\u00e9fono: +34 676 953 262 \/ +34 695 415 370.<\/span><span style=\"font-weight: 400;\"><\/span><\/p>\n<p><strong>*** Si desea ingresar antes de las 16:00 horas o salir despu\u00e9s de las 12:00 horas, previa consulta, deber\u00e1 abonar 50 \u20ac por cada opci\u00f3n ***<\/strong><\/p>\n<\/div>\n<\/div>\n<p>[\/et_pb_text][\/et_pb_column][\/et_pb_row][\/et_pb_section][et_pb_section fb_built=\u00bb1&#8243; admin_label=\u00bbHeader\u00bb _builder_version=\u00bb4.21.0&#8243; _module_preset=\u00bbdefault\u00bb background_color=\u00bbgcid-e787f6e4-87be-4325-83ae-4380ef468485&#8243; custom_padding=\u00bb30px||0px||false|false\u00bb collapsed=\u00bbon\u00bb global_colors_info=\u00bb{%22gcid-e787f6e4-87be-4325-83ae-4380ef468485%22:%91%22background_color%22%93}\u00bb][et_pb_row _builder_version=\u00bb4.21.0&#8243; _module_preset=\u00bbdefault\u00bb max_width=\u00bb800px\u00bb global_colors_info=\u00bb{}\u00bb][et_pb_column type=\u00bb4_4&#8243; _builder_version=\u00bb4.21.0&#8243; _module_preset=\u00bbdefault\u00bb global_colors_info=\u00bb{}\u00bb][et_pb_text _builder_version=\u00bb4.24.0&#8243; _module_preset=\u00bb6578d8ce-fdd2-4834-b785-59d41c33771a\u00bb header_font=\u00bbPlayfair Display|500|||||||\u00bb header_font_size=\u00bb43px\u00bb text_orientation=\u00bbcenter\u00bb locked=\u00bboff\u00bb global_colors_info=\u00bb{}\u00bb]<\/p>\n<h1><strong>Pol\u00edtica de Cancelaci\u00f3n<\/strong><\/h1>\n<p>[\/et_pb_text][\/et_pb_column][\/et_pb_row][\/et_pb_section][et_pb_section fb_built=\u00bb1&#8243; _builder_version=\u00bb4.24.0&#8243; _module_preset=\u00bbdefault\u00bb background_color=\u00bb#fcf9f6&#8243; global_colors_info=\u00bb{}\u00bb][et_pb_row _builder_version=\u00bb4.24.0&#8243; _module_preset=\u00bbdefault\u00bb global_colors_info=\u00bb{}\u00bb][et_pb_column type=\u00bb4_4&#8243; _builder_version=\u00bb4.24.0&#8243; _module_preset=\u00bbdefault\u00bb global_colors_info=\u00bb{}\u00bb][et_pb_text _builder_version=\u00bb4.24.3&#8243; _module_preset=\u00bbdefault\u00bb text_text_color=\u00bb#000000&#8243; global_colors_info=\u00bb{}\u00bb]<\/p>\n<p><span style=\"font-weight: 400;\">Las reservas confirmadas solo pueden ser canceladas o modificadas en fecha por el titular de la reserva bajo los siguientes t\u00e9rminos:<\/span><\/p>\n<p><span style=\"font-weight: 400;\">Todas las cancelaciones o cambios de fecha deben solicitarse por correo electr\u00f3nico; no se aceptar\u00e1n solicitudes por WhatsApp o tel\u00e9fono.<\/span><\/p>\n<p><span style=\"font-weight: 400;\">La devoluci\u00f3n del dep\u00f3sito se realizar\u00e1 en la misma cuenta desde la cual se realiz\u00f3 la reserva, pero debido a las normativas de protecci\u00f3n de datos, se deber\u00e1 comunicar nuevamente, ya que los bancos no permiten proporcionar esa informaci\u00f3n.<\/span><\/p>\n<p><span style=\"font-weight: 400;\">Cancelaciones con m\u00e1s de 2 meses de antelaci\u00f3n a la fecha de llegada tendr\u00e1n un reembolso total, menos la comisi\u00f3n bancaria por transferencia. En caso de cambio<\/span><\/p>\n<p><span style=\"font-weight: 400;\">de fecha a un periodo m\u00e1s costoso, se solicitar\u00e1 el pago de la diferencia por transferencia.<\/span><\/p>\n<p><span style=\"font-weight: 400;\">Cancelaciones con al menos 30 d\u00edas de antelaci\u00f3n a la fecha de llegada tendr\u00e1n un reembolso, menos una penalizaci\u00f3n de 60 \u20ac. En caso de cambio de fecha a un periodo m\u00e1s costoso, se solicitar\u00e1 el pago de la diferencia por transferencia.<\/span><\/p>\n<p><span style=\"font-weight: 400;\">Cancelaciones en un periodo de 30 a 15 d\u00edas antes de la fecha de llegada incurrir\u00e1n en una penalizaci\u00f3n de 300 \u20ac. En caso de cambio de fecha a un periodo m\u00e1s costoso, se solicitar\u00e1 el pago de la diferencia por transferencia.<\/span><\/p>\n<p><span style=\"font-weight: 400;\">Cancelaciones con menos de 14 d\u00edas a la fecha de llegada no tendr\u00e1n reembolso ni posibilidad de cambio de fecha.<\/span><\/p>\n<p><span style=\"font-weight: 400;\">Haremos todo lo posible por reprogramar su reserva en otra fecha; por lo tanto, le instamos a comunicarnos su situaci\u00f3n por correo electr\u00f3nico lo antes posible.<\/span><\/p>\n<p><b>****Deciros que somos muy comprensivos y ofertaremos de nuevo la fecha, y si saliera el alquiler, devolver\u00edamos \u00edntegramente el importe de la reserva, aunque estemos en la misma semana de dicha reserva ****<\/b><\/p>\n<p><span style=\"font-weight: 400;\">Agradecemos su comprensi\u00f3n.<\/span><\/p>\n<p>[\/et_pb_text][\/et_pb_column][\/et_pb_row][\/et_pb_section]<\/p>\n","protected":false},"excerpt":{"rendered":"<p>Pol\u00edtica de Reserva Horario de entrada 16:00 PM\u00a0|\u00a0Horario de Salida\u00a012:00 PM Se requiere un m\u00ednimo de 2 noches de reserva.\u00a0 Despu\u00e9s de solicitar las fechas de reserva y de proceder a su pago a trav\u00e9s de este sitio web, recibir\u00e1 un correo electr\u00f3nico de confirmaci\u00f3n de su reserva. En caso de dudas, p\u00f3ngase en contacto [&hellip;]<\/p>\n","protected":false},"author":2,"featured_media":0,"parent":0,"menu_order":0,"comment_status":"closed","ping_status":"closed","template":"","meta":{"_acf_changed":false,"_et_pb_use_builder":"on","_et_pb_old_content":"","_et_gb_content_width":"","inline_featured_image":false,"_joinchat":[],"footnotes":""},"class_list":["post-1447","page","type-page","status-publish","hentry"],"acf":[],"yoast_head":"<!-- This site is optimized with the Yoast SEO plugin v27.5 - https:\/\/yoast.com\/product\/yoast-seo-wordpress\/ -->\n<title>Pol\u00edtica de Reserva - La Quijada del Lobo<\/title>\n<meta name=\"robots\" content=\"noindex, nofollow\" \/>\n<meta property=\"og:locale\" content=\"en_GB\" \/>\n<meta property=\"og:type\" content=\"article\" \/>\n<meta property=\"og:title\" content=\"Pol\u00edtica de Reserva - La Quijada del Lobo\" \/>\n<meta property=\"og:description\" content=\"Pol\u00edtica de Reserva Horario de entrada 16:00 PM\u00a0|\u00a0Horario de Salida\u00a012:00 PM Se requiere un m\u00ednimo de 2 noches de reserva.\u00a0 Despu\u00e9s de solicitar las fechas de reserva y de proceder a su pago a trav\u00e9s de este sitio web, recibir\u00e1 un correo electr\u00f3nico de confirmaci\u00f3n de su reserva. En caso de dudas, p\u00f3ngase en contacto [&hellip;]\" \/>\n<meta property=\"og:url\" content=\"https:\/\/laquijadadellobo.com\/en\/politica-de-reserva\/\" \/>\n<meta property=\"og:site_name\" content=\"La Quijada del Lobo\" \/>\n<meta property=\"article:modified_time\" content=\"2024-11-06T10:50:02+00:00\" \/>\n<meta name=\"twitter:card\" content=\"summary_large_image\" \/>\n<meta name=\"twitter:label1\" content=\"Estimated reading time\" \/>\n\t<meta name=\"twitter:data1\" content=\"3 minutes\" \/>\n<script type=\"application\/ld+json\" class=\"yoast-schema-graph\">{\"@context\":\"https:\\\/\\\/schema.org\",\"@graph\":[{\"@type\":\"WebPage\",\"@id\":\"https:\\\/\\\/laquijadadellobo.com\\\/politica-de-reserva\\\/\",\"url\":\"https:\\\/\\\/laquijadadellobo.com\\\/politica-de-reserva\\\/\",\"name\":\"Pol\u00edtica de Reserva - La Quijada del Lobo\",\"isPartOf\":{\"@id\":\"https:\\\/\\\/laquijadadellobo.com\\\/#website\"},\"datePublished\":\"2024-01-09T16:21:36+00:00\",\"dateModified\":\"2024-11-06T10:50:02+00:00\",\"breadcrumb\":{\"@id\":\"https:\\\/\\\/laquijadadellobo.com\\\/politica-de-reserva\\\/#breadcrumb\"},\"inLanguage\":\"en-GB\",\"potentialAction\":[{\"@type\":\"ReadAction\",\"target\":[\"https:\\\/\\\/laquijadadellobo.com\\\/politica-de-reserva\\\/\"]}]},{\"@type\":\"BreadcrumbList\",\"@id\":\"https:\\\/\\\/laquijadadellobo.com\\\/politica-de-reserva\\\/#breadcrumb\",\"itemListElement\":[{\"@type\":\"ListItem\",\"position\":1,\"name\":\"Portada\",\"item\":\"https:\\\/\\\/laquijadadellobo.com\\\/\"},{\"@type\":\"ListItem\",\"position\":2,\"name\":\"Pol\u00edtica de Reserva\"}]},{\"@type\":\"WebSite\",\"@id\":\"https:\\\/\\\/laquijadadellobo.com\\\/#website\",\"url\":\"https:\\\/\\\/laquijadadellobo.com\\\/\",\"name\":\"La Quijada del Lobo\",\"description\":\"Bienvenidos a la Quijada del Lobo, un remanso de Paz. Alojamiento tur\u00edstico en Llerena, Badajoz\",\"potentialAction\":[{\"@type\":\"SearchAction\",\"target\":{\"@type\":\"EntryPoint\",\"urlTemplate\":\"https:\\\/\\\/laquijadadellobo.com\\\/?s={search_term_string}\"},\"query-input\":{\"@type\":\"PropertyValueSpecification\",\"valueRequired\":true,\"valueName\":\"search_term_string\"}}],\"inLanguage\":\"en-GB\"}]}<\/script>\n<!-- \/ Yoast SEO plugin. -->","yoast_head_json":{"title":"Pol\u00edtica de Reserva - La Quijada del Lobo","robots":{"index":"noindex","follow":"nofollow"},"og_locale":"en_GB","og_type":"article","og_title":"Pol\u00edtica de Reserva - La Quijada del Lobo","og_description":"Pol\u00edtica de Reserva Horario de entrada 16:00 PM\u00a0|\u00a0Horario de Salida\u00a012:00 PM Se requiere un m\u00ednimo de 2 noches de reserva.\u00a0 Despu\u00e9s de solicitar las fechas de reserva y de proceder a su pago a trav\u00e9s de este sitio web, recibir\u00e1 un correo electr\u00f3nico de confirmaci\u00f3n de su reserva. En caso de dudas, p\u00f3ngase en contacto [&hellip;]","og_url":"https:\/\/laquijadadellobo.com\/en\/politica-de-reserva\/","og_site_name":"La Quijada del Lobo","article_modified_time":"2024-11-06T10:50:02+00:00","twitter_card":"summary_large_image","twitter_misc":{"Estimated reading time":"3 minutes"},"schema":{"@context":"https:\/\/schema.org","@graph":[{"@type":"WebPage","@id":"https:\/\/laquijadadellobo.com\/politica-de-reserva\/","url":"https:\/\/laquijadadellobo.com\/politica-de-reserva\/","name":"Pol\u00edtica de Reserva - La Quijada del Lobo","isPartOf":{"@id":"https:\/\/laquijadadellobo.com\/#website"},"datePublished":"2024-01-09T16:21:36+00:00","dateModified":"2024-11-06T10:50:02+00:00","breadcrumb":{"@id":"https:\/\/laquijadadellobo.com\/politica-de-reserva\/#breadcrumb"},"inLanguage":"en-GB","potentialAction":[{"@type":"ReadAction","target":["https:\/\/laquijadadellobo.com\/politica-de-reserva\/"]}]},{"@type":"BreadcrumbList","@id":"https:\/\/laquijadadellobo.com\/politica-de-reserva\/#breadcrumb","itemListElement":[{"@type":"ListItem","position":1,"name":"Portada","item":"https:\/\/laquijadadellobo.com\/"},{"@type":"ListItem","position":2,"name":"Pol\u00edtica de Reserva"}]},{"@type":"WebSite","@id":"https:\/\/laquijadadellobo.com\/#website","url":"https:\/\/laquijadadellobo.com\/","name":"La Quijada del Lobo","description":"Bienvenidos a la Quijada del Lobo, un remanso de Paz. Alojamiento tur\u00edstico en Llerena, Badajoz","potentialAction":[{"@type":"SearchAction","target":{"@type":"EntryPoint","urlTemplate":"https:\/\/laquijadadellobo.com\/?s={search_term_string}"},"query-input":{"@type":"PropertyValueSpecification","valueRequired":true,"valueName":"search_term_string"}}],"inLanguage":"en-GB"}]}},"_links":{"self":[{"href":"https:\/\/laquijadadellobo.com\/en\/wp-json\/wp\/v2\/pages\/1447","targetHints":{"allow":["GET"]}}],"collection":[{"href":"https:\/\/laquijadadellobo.com\/en\/wp-json\/wp\/v2\/pages"}],"about":[{"href":"https:\/\/laquijadadellobo.com\/en\/wp-json\/wp\/v2\/types\/page"}],"author":[{"embeddable":true,"href":"https:\/\/laquijadadellobo.com\/en\/wp-json\/wp\/v2\/users\/2"}],"replies":[{"embeddable":true,"href":"https:\/\/laquijadadellobo.com\/en\/wp-json\/wp\/v2\/comments?post=1447"}],"version-history":[{"count":1,"href":"https:\/\/laquijadadellobo.com\/en\/wp-json\/wp\/v2\/pages\/1447\/revisions"}],"predecessor-version":[{"id":2696,"href":"https:\/\/laquijadadellobo.com\/en\/wp-json\/wp\/v2\/pages\/1447\/revisions\/2696"}],"wp:attachment":[{"href":"https:\/\/laquijadadellobo.com\/en\/wp-json\/wp\/v2\/media?parent=1447"}],"curies":[{"name":"wp","href":"https:\/\/api.w.org\/{rel}","templated":true}]}}